{"id":199,"date":"2024-07-22T15:21:35","date_gmt":"2024-07-22T15:21:35","guid":{"rendered":"https:\/\/www.protekote.com\/?page_id=199"},"modified":"2024-07-22T15:21:35","modified_gmt":"2024-07-22T15:21:35","slug":"mesafeli-satis-sozlesmesi","status":"publish","type":"page","link":"https:\/\/protekote.com\/index.php\/mesafeli-satis-sozlesmesi\/","title":{"rendered":"MESAFEL\u0130 SATI\u015e S\u00d6ZLE\u015eMES\u0130"},"content":{"rendered":"\n<p class=\"wp-block-paragraph\"><strong>1.TARAFLAR<\/strong><\/p>\n\n\n\n<p class=\"wp-block-paragraph\">\u0130\u015fbu S\u00f6zle\u015fme a\u015fa\u011f\u0131daki taraflar aras\u0131nda a\u015fa\u011f\u0131da belirtilen h\u00fck\u00fcm ve \u015fartlar \u00e7er\u00e7evesinde imzalanm\u0131\u015ft\u0131r.&nbsp;<\/p>\n\n\n\n<ol style=\"list-style-type:upper-alpha\" class=\"wp-block-list\">\n<li>\u2018ALICI\u2019 ; (s\u00f6zle\u015fmede bundan sonra &#8220;ALICI&#8221; olarak an\u0131lacakt\u0131r)<\/li>\n<\/ol>\n\n\n\n<p class=\"wp-block-paragraph\">AD- SOYAD:<br>ADRES:&nbsp;<\/p>\n\n\n\n<ol start=\"2\" style=\"list-style-type:upper-alpha\" class=\"wp-block-list\">\n<li>\u2018SATICI\u2019 ; (s\u00f6zle\u015fmede bundan sonra &#8220;SATICI&#8221; olarak an\u0131lacakt\u0131r)<\/li>\n<\/ol>\n\n\n\n<p class=\"wp-block-paragraph\">UNVAN:\u00a0Dks Teknoloji A.\u015e.<\/p>\n\n\n\n<p class=\"wp-block-paragraph\">Adres:&nbsp;Cifte havuzlar Mh, Eski Londra Asfalt\u0131,<\/p>\n\n\n\n<p class=\"wp-block-paragraph\">YTU Teknokent D2 Blok No 151\/1F\/2B03<\/p>\n\n\n\n<p class=\"wp-block-paragraph\">Esenler \/ \u0130stanbul<\/p>\n\n\n\n<p class=\"wp-block-paragraph\">34220\u0130\u015f bu s\u00f6zle\u015fmeyi kabul etmekle ALICI, s\u00f6zle\u015fme konusu sipari\u015fi onaylad\u0131\u011f\u0131 takdirde sipari\u015f konusu bedeli ve varsa kargo \u00fccreti, vergi gibi belirtilen ek \u00fccretleri \u00f6deme y\u00fck\u00fcml\u00fcl\u00fc\u011f\u00fc alt\u0131na girece\u011fini ve bu konuda bilgilendirildi\u011fini pe\u015finen kabul eder.<\/p>\n\n\n\n<p class=\"wp-block-paragraph\"><strong>2.TANIMLAR<\/strong><\/p>\n\n\n\n<p class=\"wp-block-paragraph\">\u0130\u015fbu s\u00f6zle\u015fmenin uygulanmas\u0131nda ve yorumlanmas\u0131nda a\u015fa\u011f\u0131da yaz\u0131l\u0131 terimler kar\u015f\u0131lar\u0131ndaki yaz\u0131l\u0131 a\u00e7\u0131klamalar\u0131 ifade edeceklerdir.<\/p>\n\n\n\n<p class=\"wp-block-paragraph\">BAKAN : G\u00fcmr\u00fck ve Ticaret Bakan\u0131\u2019n\u0131,<\/p>\n\n\n\n<p class=\"wp-block-paragraph\">BAKANLIK : G\u00fcmr\u00fck ve Ticaret Bakanl\u0131\u011f\u0131\u2019n\u0131,<\/p>\n\n\n\n<p class=\"wp-block-paragraph\">KANUN : 6502 say\u0131l\u0131 T\u00fcketicinin Korunmas\u0131 Hakk\u0131nda Kanun\u2019u,<\/p>\n\n\n\n<p class=\"wp-block-paragraph\">Y\u00d6NETMEL\u0130K : Mesafeli S\u00f6zle\u015fmeler Y\u00f6netmeli\u011fi\u2019ni (RG:27.11.2014\/29188)<\/p>\n\n\n\n<p class=\"wp-block-paragraph\">H\u0130ZMET : Bir \u00fccret veya menfaat kar\u015f\u0131l\u0131\u011f\u0131nda yap\u0131lan ya da yap\u0131lmas\u0131 taahh\u00fct edilen mal sa\u011flama d\u0131\u015f\u0131ndaki her t\u00fcrl\u00fc t\u00fcketici i\u015fleminin konusunu ,<\/p>\n\n\n\n<p class=\"wp-block-paragraph\">SATICI : Ticari veya mesleki faaliyetleri kapsam\u0131nda t\u00fcketiciye mal sunan veya mal sunan ad\u0131na veya hesab\u0131na hareket eden \u015firketi,<\/p>\n\n\n\n<p class=\"wp-block-paragraph\">ALICI : Bir mal veya hizmeti ticari veya mesleki olmayan ama\u00e7larla edinen, kullanan veya yararlanan ger\u00e7ek ya da t\u00fczel ki\u015fiyi,<\/p>\n\n\n\n<p class=\"wp-block-paragraph\">S\u0130TE : SATICI\u2019ya ait internet sitesini,<\/p>\n\n\n\n<p class=\"wp-block-paragraph\">S\u0130PAR\u0130\u015e VEREN: Bir mal veya hizmeti SATICI\u2019ya ait internet sitesi \u00fczerinden talep eden ger\u00e7ek ya da t\u00fczel ki\u015fiyi,<\/p>\n\n\n\n<p class=\"wp-block-paragraph\">TARAFLAR : SATICI ve ALICI\u2019y\u0131,<\/p>\n\n\n\n<p class=\"wp-block-paragraph\">S\u00d6ZLE\u015eME : SATICI ve ALICI aras\u0131nda akdedilen i\u015fbu s\u00f6zle\u015fmeyi,<\/p>\n\n\n\n<p class=\"wp-block-paragraph\">MAL : Al\u0131\u015fveri\u015fe konu olan ta\u015f\u0131n\u0131r e\u015fyay\u0131 ve elektronik ortamda kullan\u0131lmak \u00fczere haz\u0131rlanan yaz\u0131l\u0131m, ses, g\u00f6r\u00fcnt\u00fc ve benzeri gayri maddi mallar\u0131 ifade eder.<\/p>\n\n\n\n<p class=\"wp-block-paragraph\"><strong>3.KONU<\/strong><\/p>\n\n\n\n<p class=\"wp-block-paragraph\">\u0130\u015fbu S\u00f6zle\u015fme, ALICI\u2019n\u0131n, SATICI\u2019ya ait internet sitesi \u00fczerinden elektronik ortamda sipari\u015fini verdi\u011fi a\u015fa\u011f\u0131da nitelikleri ve sat\u0131\u015f fiyat\u0131 belirtilen \u00fcr\u00fcn\u00fcn sat\u0131\u015f\u0131 ve teslimi ile ilgili olarak 6502 say\u0131l\u0131 T\u00fcketicinin Korunmas\u0131 Hakk\u0131nda Kanun ve Mesafeli S\u00f6zle\u015fmelere Dair Y\u00f6netmelik h\u00fck\u00fcmleri gere\u011fince taraflar\u0131n hak ve y\u00fck\u00fcml\u00fcl\u00fcklerini d\u00fczenler.<\/p>\n\n\n\n<p class=\"wp-block-paragraph\">Listelenen ve sitede ilan edilen fiyatlar sat\u0131\u015f fiyat\u0131d\u0131r. \u0130lan edilen fiyatlar ve vaatler g\u00fcncelleme yap\u0131lana ve de\u011fi\u015ftirilene kadar ge\u00e7erlidir. S\u00fcreli olarak ilan edilen fiyatlar ise belirtilen s\u00fcre sonuna kadar ge\u00e7erlidir.<\/p>\n\n\n\n<p class=\"wp-block-paragraph\"><strong>4. SATICI B\u0130LG\u0130LER\u0130<\/strong><\/p>\n\n\n\n<p class=\"wp-block-paragraph\">\u00dcnvan\u0131: Dks Teknoloji A.\u015e.<\/p>\n\n\n\n<p class=\"wp-block-paragraph\">Adres:&nbsp;Cifte havuzlar Mh, Eski Londra Asfalt\u0131,<\/p>\n\n\n\n<p class=\"wp-block-paragraph\">YTU Teknokent D2 Blok No 151\/1F\/2B03<\/p>\n\n\n\n<p class=\"wp-block-paragraph\">Esenler \/ \u0130stanbul<\/p>\n\n\n\n<p class=\"wp-block-paragraph\">34220<\/p>\n\n\n\n<p class=\"wp-block-paragraph\">Eposta:&nbsp;iletisim@dkscoatings.com<\/p>\n\n\n\n<p class=\"wp-block-paragraph\">Tel: 0212 8581010<\/p>\n\n\n\n<p class=\"wp-block-paragraph\"><strong>5. ALICI B\u0130LG\u0130LER\u0130<\/strong><\/p>\n\n\n\n<p class=\"wp-block-paragraph\">Teslim edilecek ki\u015fi<br>Teslimat Adresi<br>Telefon<br>Faks<strong><br><\/strong>Eposta\/kullan\u0131c\u0131 ad\u0131<\/p>\n\n\n\n<p class=\"wp-block-paragraph\"><strong>6. S\u0130PAR\u0130\u015e VEREN K\u0130\u015e\u0130 B\u0130LG\u0130LER\u0130<\/strong><\/p>\n\n\n\n<p class=\"wp-block-paragraph\">Ad\/Soyad\/Unvan<\/p>\n\n\n\n<p class=\"wp-block-paragraph\">Adres<br>Telefon<br>Faks<br>Eposta\/kullan\u0131c\u0131 ad\u0131<\/p>\n\n\n\n<p class=\"wp-block-paragraph\"><strong>7. S\u00d6ZLE\u015eME KONUSU \u00dcR\u00dcN\/\u00dcR\u00dcNLER B\u0130LG\u0130LER\u0130<\/strong><\/p>\n\n\n\n<p class=\"wp-block-paragraph\"><strong>1.<\/strong>&nbsp;Mal\u0131n \/\u00dcr\u00fcn\/\u00dcr\u00fcnlerin\/ Hizmetin temel \u00f6zelliklerini (t\u00fcr\u00fc, miktar\u0131, marka\/modeli, rengi, adedi) SATICI\u2019ya ait internet sitesinde yay\u0131nlanmaktad\u0131r. Sat\u0131c\u0131 taraf\u0131ndan kampanya d\u00fczenlenmi\u015f ise ilgili \u00fcr\u00fcn\u00fcn temel \u00f6zelliklerini kampanya s\u00fcresince inceleyebilirsiniz. Kampanya tarihine kadar ge\u00e7erlidir.<\/p>\n\n\n\n<p class=\"wp-block-paragraph\"><strong>7.2.<\/strong>&nbsp;Listelenen ve sitede ilan edilen fiyatlar sat\u0131\u015f fiyat\u0131d\u0131r. \u0130lan edilen fiyatlar ve vaatler g\u00fcncelleme yap\u0131lana ve de\u011fi\u015ftirilene kadar ge\u00e7erlidir. S\u00fcreli olarak ilan edilen fiyatlar ise belirtilen s\u00fcre sonuna kadar ge\u00e7erlidir.<\/p>\n\n\n\n<p class=\"wp-block-paragraph\"><strong>7.3.<\/strong>&nbsp;S\u00f6zle\u015fme konusu mal ya da hizmetin t\u00fcm vergiler d\u00e2hil sat\u0131\u015f fiyat\u0131 a\u015fa\u011f\u0131da g\u00f6sterilmi\u015ftir.<\/p>\n\n\n\n<figure class=\"wp-block-table\"><table class=\"has-fixed-layout\"><tbody><tr><td>\u00dcr\u00fcn A\u00e7\u0131klamas\u0131<\/td><td>Adet<\/td><td>Birim Fiyat\u0131<\/td><td colspan=\"2\">Ara Toplam<br>(KDV Dahil)<\/td><\/tr><tr><td><\/td><td><\/td><td><\/td><td colspan=\"2\"><\/td><\/tr><tr><td>Kargo Tutar\u0131<\/td><td><\/td><td><\/td><td colspan=\"2\"><\/td><\/tr><tr><td colspan=\"4\"><strong>Toplam :<\/strong><\/td><td><\/td><\/tr><\/tbody><\/table><\/figure>\n\n\n\n<p class=\"wp-block-paragraph\">\u00d6deme \u015eekli ve Plan\u0131<\/p>\n\n\n\n<p class=\"wp-block-paragraph\">Teslimat Adresi<\/p>\n\n\n\n<p class=\"wp-block-paragraph\">Teslim Edilecek ki\u015fi<\/p>\n\n\n\n<p class=\"wp-block-paragraph\">Fatura Adresi<\/p>\n\n\n\n<p class=\"wp-block-paragraph\">Sipari\u015f Tarihi<\/p>\n\n\n\n<p class=\"wp-block-paragraph\">Teslimat tarihi<\/p>\n\n\n\n<p class=\"wp-block-paragraph\">Teslim \u015fekli<\/p>\n\n\n\n<p class=\"wp-block-paragraph\"><strong>7.4.<\/strong>&nbsp; \u00dcr\u00fcn sevkiyat masraf\u0131 olan kargo \u00fccreti ALICI taraf\u0131ndan \u00f6denecektir.<\/p>\n\n\n\n<p class=\"wp-block-paragraph\">8<strong>. FATURA B\u0130LG\u0130LER\u0130<\/strong><\/p>\n\n\n\n<p class=\"wp-block-paragraph\">Ad\/Soyad\/Unvan<\/p>\n\n\n\n<p class=\"wp-block-paragraph\">Adres<br>Telefon<br>Faks<br>Eposta\/kullan\u0131c\u0131 ad\u0131<br>Fatura teslim :Fatura sipari\u015f teslimat\u0131 s\u0131ras\u0131nda fatura adresine sipari\u015f ile birlikte&nbsp;<br>teslim edilecektir.<\/p>\n\n\n\n<p class=\"wp-block-paragraph\"><strong>9. GENEL H\u00dcK\u00dcMLER<\/strong><\/p>\n\n\n\n<p class=\"wp-block-paragraph\"><strong>9.1.<\/strong>&nbsp;ALICI, SATICI\u2019ya ait internet sitesinde s\u00f6zle\u015fme konusu \u00fcr\u00fcn\u00fcn temel nitelikleri, sat\u0131\u015f fiyat\u0131 ve \u00f6deme \u015fekli ile teslimata ili\u015fkin \u00f6n bilgileri okuyup, bilgi sahibi oldu\u011funu, elektronik ortamda gerekli teyidi verdi\u011fini kabul, beyan ve taahh\u00fct eder. ALICI\u2019n\u0131n; \u00d6n Bilgilendirmeyi elektronik ortamda teyit etmesi, mesafeli sat\u0131\u015f s\u00f6zle\u015fmesinin kurulmas\u0131ndan evvel, SATICI taraf\u0131ndan ALICI&#8217; ya verilmesi gereken adresi, sipari\u015fi verilen \u00fcr\u00fcnlere ait temel \u00f6zellikleri, \u00fcr\u00fcnlerin vergiler d\u00e2hil fiyat\u0131n\u0131, \u00f6deme ve teslimat bilgilerini de do\u011fru ve eksiksiz olarak edindi\u011fini kabul, beyan ve taahh\u00fct eder.<\/p>\n\n\n\n<p class=\"wp-block-paragraph\"><strong>9.2.<\/strong>&nbsp;S\u00f6zle\u015fme konusu her bir \u00fcr\u00fcn, 30 g\u00fcnl\u00fck yasal s\u00fcreyi a\u015fmamak kayd\u0131 ile ALICI&#8217; n\u0131n yerle\u015fim yeri uzakl\u0131\u011f\u0131na ba\u011fl\u0131 olarak internet sitesindeki \u00f6n bilgiler k\u0131sm\u0131nda belirtilen s\u00fcre zarf\u0131nda ALICI veya ALICI\u2019n\u0131n g\u00f6sterdi\u011fi adresteki ki\u015fi ve\/veya kurulu\u015fa teslim edilir. Bu s\u00fcre i\u00e7inde \u00fcr\u00fcn\u00fcn ALICI\u2019ya teslim edilememesi durumunda, ALICI\u2019n\u0131n s\u00f6zle\u015fmeyi feshetme hakk\u0131 sakl\u0131d\u0131r.&nbsp;<\/p>\n\n\n\n<p class=\"wp-block-paragraph\"><strong>9.3.<\/strong>&nbsp;SATICI, S\u00f6zle\u015fme konusu \u00fcr\u00fcn\u00fc eksiksiz, sipari\u015fte belirtilen niteliklere uygun ve varsa garanti belgeleri, kullan\u0131m k\u0131lavuzlar\u0131 i\u015fin gere\u011fi olan bilgi ve belgeler ile teslim etmeyi, her t\u00fcrl\u00fc ay\u0131ptan ar\u00ee olarak yasal mevzuat gereklerine g\u00f6re sa\u011flam, standartlara uygun bir \u015fekilde i\u015fi do\u011fruluk ve d\u00fcr\u00fcstl\u00fck esaslar\u0131 d\u00e2hilinde ifa etmeyi, hizmet kalitesini koruyup y\u00fckseltmeyi, i\u015fin ifas\u0131 s\u0131ras\u0131nda gerekli dikkat ve \u00f6zeni g\u00f6stermeyi, ihtiyat ve \u00f6ng\u00f6r\u00fc ile hareket etmeyi kabul, beyan ve taahh\u00fct eder.<\/p>\n\n\n\n<p class=\"wp-block-paragraph\"><strong>9.4.<\/strong>&nbsp;SATICI, s\u00f6zle\u015fmeden do\u011fan ifa y\u00fck\u00fcml\u00fcl\u00fc\u011f\u00fcn\u00fcn s\u00fcresi dolmadan ALICI\u2019y\u0131 bilgilendirmek ve a\u00e7\u0131k\u00e7a onay\u0131n\u0131 almak suretiyle e\u015fit kalite ve fiyatta farkl\u0131 bir \u00fcr\u00fcn tedarik edebilir.<\/p>\n\n\n\n<p class=\"wp-block-paragraph\"><strong>9.5.<\/strong>&nbsp;SATICI, sipari\u015f konusu \u00fcr\u00fcn veya hizmetin yerine getirilmesinin imk\u00e2ns\u0131zla\u015fmas\u0131 halinde s\u00f6zle\u015fme konusu y\u00fck\u00fcml\u00fcl\u00fcklerini yerine getiremezse, bu durumu, \u00f6\u011frendi\u011fi tarihten itibaren 3 g\u00fcn i\u00e7inde yaz\u0131l\u0131 olarak t\u00fcketiciye bildirece\u011fini, 14 g\u00fcnl\u00fck s\u00fcre i\u00e7inde toplam bedeli ALICI\u2019ya iade edece\u011fini kabul, beyan ve taahh\u00fct eder.&nbsp;<\/p>\n\n\n\n<p class=\"wp-block-paragraph\"><strong>9.6.<\/strong>&nbsp;ALICI, S\u00f6zle\u015fme konusu \u00fcr\u00fcn\u00fcn teslimat\u0131 i\u00e7in i\u015fbu S\u00f6zle\u015fme\u2019yi elektronik ortamda teyit edece\u011fini, herhangi bir nedenle s\u00f6zle\u015fme konusu \u00fcr\u00fcn bedelinin \u00f6denmemesi ve\/veya banka kay\u0131tlar\u0131nda iptal edilmesi halinde, SATICI\u2019n\u0131n s\u00f6zle\u015fme konusu \u00fcr\u00fcn\u00fc teslim y\u00fck\u00fcml\u00fcl\u00fc\u011f\u00fcn\u00fcn sona erece\u011fini kabul, beyan ve taahh\u00fct eder.<\/p>\n\n\n\n<p class=\"wp-block-paragraph\"><strong>9.7.<\/strong>&nbsp;ALICI, S\u00f6zle\u015fme konusu \u00fcr\u00fcn\u00fcn ALICI veya ALICI\u2019n\u0131n g\u00f6sterdi\u011fi adresteki ki\u015fi ve\/veya kurulu\u015fa tesliminden sonra ALICI&#8217;ya ait kredi kart\u0131n\u0131n yetkisiz ki\u015filerce haks\u0131z kullan\u0131lmas\u0131 sonucunda s\u00f6zle\u015fme konusu \u00fcr\u00fcn bedelinin ilgili banka veya finans kurulu\u015fu taraf\u0131ndan SATICI&#8217;ya \u00f6denmemesi halinde, ALICI S\u00f6zle\u015fme konusu \u00fcr\u00fcn\u00fc 3 g\u00fcn i\u00e7erisinde nakliye gideri ALICI\u2019ya ait olacak \u015fekilde SATICI\u2019ya iade edece\u011fini kabul, beyan ve taahh\u00fct eder.<\/p>\n\n\n\n<p class=\"wp-block-paragraph\"><strong>9.8.<\/strong>&nbsp;SATICI, taraflar\u0131n iradesi d\u0131\u015f\u0131nda geli\u015fen, \u00f6nceden \u00f6ng\u00f6r\u00fclemeyen ve taraflar\u0131n bor\u00e7lar\u0131n\u0131 yerine getirmesini engelleyici ve\/veya geciktirici hallerin olu\u015fmas\u0131 gibi m\u00fccbir sebepler halleri nedeni ile s\u00f6zle\u015fme konusu \u00fcr\u00fcn\u00fc s\u00fcresi i\u00e7inde teslim edemez ise, durumu ALICI&#8217;ya bildirece\u011fini kabul, beyan ve taahh\u00fct eder. ALICI da sipari\u015fin iptal edilmesini, s\u00f6zle\u015fme konusu \u00fcr\u00fcn\u00fcn varsa emsali ile de\u011fi\u015ftirilmesini ve\/veya teslimat s\u00fcresinin engelleyici durumun ortadan kalkmas\u0131na kadar ertelenmesini SATICI\u2019dan talep etme hakk\u0131n\u0131 haizdir. ALICI taraf\u0131ndan sipari\u015fin iptal edilmesi halinde ALICI\u2019n\u0131n nakit ile yapt\u0131\u011f\u0131 \u00f6demelerde, \u00fcr\u00fcn tutar\u0131 14 g\u00fcn i\u00e7inde kendisine nakden ve defaten \u00f6denir. ALICI\u2019n\u0131n kredi kart\u0131 ile yapt\u0131\u011f\u0131 \u00f6demelerde ise, \u00fcr\u00fcn tutar\u0131, sipari\u015fin ALICI taraf\u0131ndan iptal edilmesinden sonra 14 g\u00fcn i\u00e7erisinde ilgili bankaya iade edilir. ALICI, SATICI taraf\u0131ndan kredi kart\u0131na iade edilen tutar\u0131n banka taraf\u0131ndan ALICI hesab\u0131na yans\u0131t\u0131lmas\u0131na ili\u015fkin ortalama s\u00fcrecin 2 ile 3 haftay\u0131 bulabilece\u011fini, bu tutar\u0131n bankaya iadesinden sonra ALICI\u2019n\u0131n hesaplar\u0131na yans\u0131mas\u0131 halinin tamamen banka i\u015flem s\u00fcreci ile ilgili oldu\u011fundan, ALICI, olas\u0131 gecikmeler i\u00e7in SATICI\u2019y\u0131 sorumlu tutamayaca\u011f\u0131n\u0131 kabul, beyan ve taahh\u00fct eder.<\/p>\n\n\n\n<p class=\"wp-block-paragraph\"><strong>9.9.<\/strong>&nbsp;SATICININ, ALICI taraf\u0131ndan siteye kay\u0131t formunda belirtilen veya daha sonra kendisi taraf\u0131ndan g\u00fcncellenen adresi, e-posta adresi, sabit ve mobil telefon hatlar\u0131 ve di\u011fer ileti\u015fim bilgileri \u00fczerinden mektup, e-posta, SMS, telefon g\u00f6r\u00fc\u015fmesi ve di\u011fer yollarla ileti\u015fim, pazarlama, bildirim ve di\u011fer ama\u00e7larla ALICI\u2019ya ula\u015fma hakk\u0131 bulunmaktad\u0131r. ALICI, i\u015fbu s\u00f6zle\u015fmeyi kabul etmekle SATICI\u2019n\u0131n kendisine y\u00f6nelik yukar\u0131da belirtilen ileti\u015fim faaliyetlerinde bulunabilece\u011fini kabul ve beyan etmektedir.<\/p>\n\n\n\n<p class=\"wp-block-paragraph\"><strong>9.10.<\/strong>&nbsp;ALICI, s\u00f6zle\u015fme konusu mal\/hizmeti teslim almadan \u00f6nce muayene edecek; ezik, k\u0131r\u0131k, ambalaj\u0131 y\u0131rt\u0131lm\u0131\u015f vb. hasarl\u0131 ve ay\u0131pl\u0131 mal\/hizmeti kargo \u015firketinden teslim almayacakt\u0131r. Teslim al\u0131nan mal\/hizmetin hasars\u0131z ve sa\u011flam oldu\u011fu kabul edilecektir. Teslimden sonra mal\/hizmetin \u00f6zenle korunmas\u0131 borcu, ALICI\u2019ya aittir. Cayma hakk\u0131 kullan\u0131lacaksa mal\/hizmet kullan\u0131lmamal\u0131d\u0131r, ambalaj\u0131 a\u00e7\u0131lmamal\u0131d\u0131r. Fatura iade edilmelidir.<\/p>\n\n\n\n<p class=\"wp-block-paragraph\"><strong>9.11.<\/strong>&nbsp;ALICI ile sipari\u015f esnas\u0131nda kullan\u0131lan kredi kart\u0131 hamilinin ayn\u0131 ki\u015fi olmamas\u0131 veya \u00fcr\u00fcn\u00fcn ALICI\u2019ya tesliminden evvel, sipari\u015fte kullan\u0131lan kredi kart\u0131na ili\u015fkin g\u00fcvenlik a\u00e7\u0131\u011f\u0131 tespit edilmesi halinde, SATICI, kredi kart\u0131 hamiline ili\u015fkin kimlik ve ileti\u015fim bilgilerini, sipari\u015fte kullan\u0131lan kredi kart\u0131n\u0131n bir \u00f6nceki aya ait ekstresini yahut kart hamilinin bankas\u0131ndan kredi kart\u0131n\u0131n kendisine ait oldu\u011funa ili\u015fkin yaz\u0131y\u0131 ibraz etmesini ALICI\u2019dan talep edebilir. ALICI\u2019n\u0131n talebe konu bilgi\/belgeleri temin etmesine kadar ge\u00e7ecek s\u00fcrede sipari\u015f dondurulacak olup, mezkur taleplerin 24 saat i\u00e7erisinde kar\u015f\u0131lanmamas\u0131 halinde ise SATICI, sipari\u015fi iptal etme hakk\u0131n\u0131 haizdir.<\/p>\n\n\n\n<p class=\"wp-block-paragraph\"><strong>9.12.<\/strong>&nbsp;ALICI, SATICI\u2019ya ait internet sitesine \u00fcye olurken verdi\u011fi ki\u015fisel ve di\u011fer sair bilgilerin ger\u00e7e\u011fe uygun oldu\u011funu, SATICI\u2019n\u0131n bu bilgilerin ger\u00e7e\u011fe ayk\u0131r\u0131l\u0131\u011f\u0131 nedeniyle u\u011frayaca\u011f\u0131 t\u00fcm zararlar\u0131, SATICI\u2019n\u0131n ilk bildirimi \u00fczerine derhal, nakden ve defaten tazmin edece\u011fini beyan ve taahh\u00fct eder.<\/p>\n\n\n\n<p class=\"wp-block-paragraph\"><strong>9.13.<\/strong>&nbsp;ALICI, SATICI\u2019ya ait internet sitesini kullan\u0131rken yasal mevzuat h\u00fck\u00fcmlerine riayet etmeyi ve bunlar\u0131 ihlal etmemeyi ba\u015ftan kabul ve taahh\u00fct eder. Aksi takdirde, do\u011facak t\u00fcm hukuki ve cezai y\u00fck\u00fcml\u00fcl\u00fckler tamamen ve m\u00fcnhas\u0131ran ALICI\u2019y\u0131 ba\u011flayacakt\u0131r.<\/p>\n\n\n\n<p class=\"wp-block-paragraph\"><strong>9.14.<\/strong>&nbsp;ALICI, SATICI\u2019ya ait internet sitesini hi\u00e7bir \u015fekilde kamu d\u00fczenini bozucu, genel ahlaka ayk\u0131r\u0131, ba\u015fkalar\u0131n\u0131 rahats\u0131z ve taciz edici \u015fekilde, yasalara ayk\u0131r\u0131 bir ama\u00e7 i\u00e7in, ba\u015fkalar\u0131n\u0131n maddi ve manevi haklar\u0131na tecav\u00fcz edecek \u015fekilde kullanamaz. Ayr\u0131ca, \u00fcye ba\u015fkalar\u0131n\u0131n hizmetleri kullanmas\u0131n\u0131 \u00f6nleyici veya zorla\u015ft\u0131r\u0131c\u0131 faaliyet (trol, spam, virus, truva at\u0131, vb.) i\u015flemlerde bulunamaz.<\/p>\n\n\n\n<p class=\"wp-block-paragraph\"><strong>9.15.<\/strong>&nbsp;SATICI\u2019ya ait internet sitesinin \u00fczerinden, SATICI\u2019n\u0131n kendi kontrol\u00fcnde olmayan ve\/veya ba\u015fkaca \u00fc\u00e7\u00fcnc\u00fc ki\u015filerin sahip oldu\u011fu ve\/veya i\u015fletti\u011fi ba\u015fka web sitelerine ve\/veya ba\u015fka i\u00e7eriklere link verilebilir. Bu linkler ALICI\u2019ya y\u00f6nlenme kolayl\u0131\u011f\u0131 sa\u011flamak amac\u0131yla konmu\u015f olup herhangi bir web sitesini veya o siteyi i\u015fleten ki\u015fiyi desteklememekte ve Link verilen web sitesinin i\u00e7erdi\u011fi bilgilere y\u00f6nelik herhangi bir garanti niteli\u011fi ta\u015f\u0131mamaktad\u0131r.<\/p>\n\n\n\n<p class=\"wp-block-paragraph\"><strong>9.16.<\/strong>&nbsp;\u0130\u015fbu s\u00f6zle\u015fme i\u00e7erisinde say\u0131lan maddelerden bir ya da birka\u00e7\u0131n\u0131 ihlal eden \u00fcye i\u015fbu ihlal nedeniyle cezai ve hukuki olarak \u015fahsen sorumlu olup, SATICI\u2019y\u0131 bu ihlallerin hukuki ve cezai sonu\u00e7lar\u0131ndan ari tutacakt\u0131r. Ayr\u0131ca; i\u015fbu ihlal nedeniyle, olay\u0131n hukuk alan\u0131na intikal ettirilmesi halinde, SATICI\u2019n\u0131n \u00fcyeye kar\u015f\u0131 \u00fcyelik s\u00f6zle\u015fmesine uyulmamas\u0131ndan dolay\u0131 tazminat talebinde bulunma hakk\u0131 sakl\u0131d\u0131r.<\/p>\n\n\n\n<p class=\"wp-block-paragraph\"><strong>10. CAYMA HAKKI<\/strong><\/p>\n\n\n\n<p class=\"wp-block-paragraph\"><strong>10.1.<\/strong>&nbsp;ALICI; mesafeli s\u00f6zle\u015fmenin mal sat\u0131\u015f\u0131na ili\u015fkin olmas\u0131 durumunda, \u00fcr\u00fcn\u00fcn kendisine veya g\u00f6sterdi\u011fi adresteki ki\u015fi\/kurulu\u015fa teslim tarihinden itibaren 14 (on d\u00f6rt) g\u00fcn i\u00e7erisinde, SATICI\u2019ya bildirmek \u015fart\u0131yla hi\u00e7bir hukuki ve cezai sorumluluk \u00fcstlenmeksizin ve hi\u00e7bir gerek\u00e7e g\u00f6stermeksizin mal\u0131 reddederek s\u00f6zle\u015fmeden cayma hakk\u0131n\u0131 kullanabilir. Hizmet sunumuna ili\u015fkin mesafeli s\u00f6zle\u015fmelerde ise, bu s\u00fcre s\u00f6zle\u015fmenin imzaland\u0131\u011f\u0131 tarihten itibaren ba\u015flar. Cayma hakk\u0131 s\u00fcresi sona ermeden \u00f6nce, t\u00fcketicinin onay\u0131 ile hizmetin ifas\u0131na ba\u015flanan hizmet s\u00f6zle\u015fmelerinde cayma hakk\u0131 kullan\u0131lamaz. Cayma hakk\u0131n\u0131n kullan\u0131m\u0131ndan kaynaklanan masraflar ALICI\u2019 ya aittir.&nbsp;ALICI, i\u015f bu s\u00f6zle\u015fmeyi kabul etmekle, cayma hakk\u0131 konusunda bilgilendirildi\u011fini pe\u015finen kabul eder.<\/p>\n\n\n\n<p class=\"wp-block-paragraph\"><strong>10.2.<\/strong>&nbsp;Cayma hakk\u0131n\u0131n kullan\u0131lmas\u0131 i\u00e7in 14 (ond\u00f6rt) g\u00fcnl\u00fck s\u00fcre i\u00e7inde SATICI&#8217; ya iadeli taahh\u00fctl\u00fc posta veya eposta ile yaz\u0131l\u0131 bildirimde bulunulmas\u0131 ve \u00fcr\u00fcn\u00fcn i\u015fbu s\u00f6zle\u015fmede d\u00fczenlenen &#8220;Cayma Hakk\u0131 Kullan\u0131lamayacak \u00dcr\u00fcnler&#8221; h\u00fck\u00fcmleri \u00e7er\u00e7evesinde kullan\u0131lmam\u0131\u015f olmas\u0131 \u015fartt\u0131r. Bu hakk\u0131n kullan\u0131lmas\u0131 halinde,&nbsp;<\/p>\n\n\n\n<p class=\"wp-block-paragraph\"><strong>a)<\/strong>&nbsp;3. ki\u015fiye veya ALICI\u2019 ya teslim edilen \u00fcr\u00fcn\u00fcn faturas\u0131, (\u0130ade edilmek istenen \u00fcr\u00fcn\u00fcn faturas\u0131 kurumsal ise, iade ederken kurumun d\u00fczenlemi\u015f oldu\u011fu iade faturas\u0131 ile birlikte g\u00f6nderilmesi gerekmektedir. Faturas\u0131 kurumlar ad\u0131na d\u00fczenlenen sipari\u015f iadeleri \u0130ADE FATURASI kesilmedi\u011fi takdirde tamamlanamayacakt\u0131r.)<\/p>\n\n\n\n<p class=\"wp-block-paragraph\"><strong>b)<\/strong>&nbsp;\u0130ade formu,<\/p>\n\n\n\n<p class=\"wp-block-paragraph\"><strong>c)<\/strong>&nbsp;\u0130ade edilecek \u00fcr\u00fcnlerin ambalaj\u0131 a\u00e7\u0131lmam\u0131\u015f olmal\u0131 varsa standart aksesuarlar\u0131 ve hediyeleri ile birlikte eksiksiz ve hasars\u0131z olarak teslim edilmesi gerekmektedir.<\/p>\n\n\n\n<p class=\"wp-block-paragraph\"><strong>d)<\/strong>&nbsp;SATICI, cayma bildiriminin kendisine ula\u015fmas\u0131ndan itibaren en ge\u00e7 10 g\u00fcnl\u00fck s\u00fcre i\u00e7erisinde toplam bedeli ve ALICI\u2019y\u0131 bor\u00e7 alt\u0131na sokan belgeleri ALICI\u2019 ya iade etmek ve 20 g\u00fcnl\u00fck s\u00fcre i\u00e7erisinde mal\u0131 iade almakla y\u00fck\u00fcml\u00fcd\u00fcr.<\/p>\n\n\n\n<p class=\"wp-block-paragraph\"><strong>e)<\/strong>&nbsp;ALICI\u2019 n\u0131n kusurundan kaynaklanan bir nedenle mal\u0131n de\u011ferinde bir azalma olursa veya iade imkans\u0131zla\u015f\u0131rsa ALICI kusuru oran\u0131nda SATICI\u2019 n\u0131n zararlar\u0131n\u0131 tazmin etmekle y\u00fck\u00fcml\u00fcd\u00fcr.&nbsp;<\/p>\n\n\n\n<p class=\"wp-block-paragraph\"><strong>f)<\/strong>&nbsp;Cayma hakk\u0131n\u0131n kullan\u0131lmas\u0131 nedeniyle SATICI taraf\u0131ndan d\u00fczenlenen kampanya limit tutar\u0131n\u0131n alt\u0131na d\u00fc\u015f\u00fclmesi halinde kampanya kapsam\u0131nda faydalan\u0131lan indirim miktar\u0131 iptal edilir.<\/p>\n\n\n\n<p class=\"wp-block-paragraph\"><strong>11. CAYMA HAKKI KULLANILAMAYACAK \u00dcR\u00dcNLER<\/strong><\/p>\n\n\n\n<p class=\"wp-block-paragraph\">ALICI\u2019n\u0131n iste\u011fi veya a\u00e7\u0131k\u00e7a ki\u015fisel ihtiya\u00e7lar\u0131 do\u011frultusunda haz\u0131rlanan \u00f6zel renk \u00fcr\u00fcnlerin iadesi m\u00fcmk\u00fcn de\u011fildir. ALICI\u2019n\u0131n iste\u011fi veya a\u00e7\u0131k\u00e7a ki\u015fisel ihtiya\u00e7lar\u0131 do\u011frultusunda haz\u0131rlanan 2000 lt alt\u0131 \u00f6zel ambalajlara konulan \u00fcr\u00fcnlerin iadesi m\u00fcmk\u00fcn de\u011fildir.  Ayr\u0131ca Cayma hakk\u0131 s\u00fcresi sona ermeden \u00f6nce, t\u00fcketicinin onay\u0131 ile ifas\u0131na ba\u015flanan hizmetlere ili\u015fkin cayma hakk\u0131n\u0131n kullan\u0131lmas\u0131 da Y\u00f6netmelik gere\u011fi m\u00fcmk\u00fcn de\u011fildir. \u00a0<\/p>\n\n\n\n<p class=\"wp-block-paragraph\">Cayma hakk\u0131 kullan\u0131lacak t\u00fcm \u00fcr\u00fcnlerin iade edilebilmesi i\u00e7in ambalajlar\u0131n\u0131n a\u00e7\u0131lmam\u0131\u015f, denenmemi\u015f, bozulmam\u0131\u015f ve kullan\u0131lmam\u0131\u015f olmalar\u0131 gerekir.&nbsp;<\/p>\n\n\n\n<p class=\"wp-block-paragraph\">Niteli\u011fi itibar\u0131yla iade edilemeyecek \u00fcr\u00fcnler, tek kullan\u0131ml\u0131k \u00fcr\u00fcnler, kopyalanabilir yaz\u0131l\u0131m ve programlar, h\u0131zl\u0131 bozulan veya son kullan\u0131m tarihi ge\u00e7en \u00fcr\u00fcnler i\u00e7in cayma hakk\u0131 kullan\u0131lamaz.<\/p>\n\n\n\n<p class=\"wp-block-paragraph\">A\u015fa\u011f\u0131daki \u00fcr\u00fcnlerde cayma hakk\u0131n\u0131n kullan\u0131lmas\u0131, \u00fcr\u00fcn\u00fcn ambalaj\u0131n\u0131n a\u00e7\u0131lmam\u0131\u015f, bozulmam\u0131\u015f ve \u00fcr\u00fcn\u00fcn kullan\u0131lmam\u0131\u015f olmas\u0131 \u015fart\u0131na ba\u011fl\u0131d\u0131r.T\u00fcketicinin istekleri veya ki\u015fisel ihtiya\u00e7lar\u0131 do\u011frultusunda haz\u0131rlanan mallara\u00a0ili\u015fkin s\u00f6zle\u015fmeler.\u00a0Renkli boyalar\u0131n veya ihtiyaca g\u00f6re \u00fcretilen \u00fcr\u00fcnlerin s\u00f6z konusu oldu\u011fu durumlar\u00a0bu istisna kapsam\u0131ndad\u0131r. Renkli verniklerin veya ihtiyaca g\u00f6re \u00fcretilen \u00fcr\u00fcnlerin s\u00f6z konusu oldu\u011fu durumlar\u00a0bu istisna kapsam\u0131ndad\u0131r. \u00f6zel istenen miktardaki ve uzerine isim yazilmis ambalajlar\u0131n veya ihtiyaca g\u00f6re \u00fcretilen \u00fcr\u00fcnlerin s\u00f6z konusu oldu\u011fu durumlar\u00a0bu istisna kapsam\u0131ndad\u0131r. \u00c7abuk bozulabilen veya son kullanma tarihi ge\u00e7ebilecek mallar\u0131n teslimine ili\u015fkin s\u00f6zle\u015fmeler. Boyalar bu kapsamdad\u0131r. Yard\u0131mc\u0131 \u00fcr\u00fcnlerden ise kolayca bozulabilecek \u00dcr\u00fcnler de bu kapsama girmektedir<\/p>\n\n\n\n<p class=\"wp-block-paragraph\"><strong>12. TEMERR\u00dcT HAL\u0130 VE HUKUK\u0130 SONU\u00c7LARI<\/strong><\/p>\n\n\n\n<p class=\"wp-block-paragraph\">ALICI, \u00f6deme i\u015flemlerini kredi kart\u0131 ile yapt\u0131\u011f\u0131 durumda temerr\u00fcde d\u00fc\u015ft\u00fc\u011f\u00fc takdirde, kart sahibi banka ile aras\u0131ndaki kredi kart\u0131 s\u00f6zle\u015fmesi \u00e7er\u00e7evesinde faiz \u00f6deyece\u011fini ve bankaya kar\u015f\u0131 sorumlu olaca\u011f\u0131n\u0131 kabul, beyan ve taahh\u00fct eder. Bu durumda ilgili banka hukuki yollara ba\u015fvurabilir; do\u011facak masraflar\u0131 ve vek\u00e2let \u00fccretini ALICI\u2019dan talep edebilir ve her ko\u015fulda ALICI\u2019n\u0131n borcundan dolay\u0131 temerr\u00fcde d\u00fc\u015fmesi halinde, ALICI, borcun gecikmeli ifas\u0131ndan dolay\u0131 SATICI\u2019n\u0131n u\u011frad\u0131\u011f\u0131 zarar ve ziyan\u0131n\u0131 \u00f6deyece\u011fini kabul, beyan ve taahh\u00fct eder<\/p>\n\n\n\n<p class=\"wp-block-paragraph\">Al\u0131c\u0131, \u00fcr\u00fcn\u00fc teslim ald\u0131\u011f\u0131 anda kontrol etmekle ve \u00fcr\u00fcnde kargodan kaynaklanan sorun g\u00f6rd\u00fc\u011f\u00fcnde, \u00fcr\u00fcn\u00fc kabul etmemek ve kargo firmas\u0131 yetkilisine tutanak tutturmakla sorumludur. Aksi halde sat\u0131c\u0131 sorumluluk kabul etmeyecektir.<\/p>\n\n\n\n<p class=\"wp-block-paragraph\">Al\u0131c\u0131n\u0131n, sat\u0131c\u0131 taraf\u0131ndan aksi yaz\u0131l\u0131 olarak \u00f6ng\u00f6r\u00fclmemi\u015f ise \u00fcr\u00fcn\u00fc teslim almadan \u00f6nce bedelini tamamen \u00f6demi\u015f olmas\u0131 gerekir. Pe\u015fin sat\u0131\u015flarda teslimattan \u00f6nce \u00fcr\u00fcn bedeli sat\u0131c\u0131ya tamamen \u00f6denmedi\u011fi, taksitli sat\u0131\u015flarda vadesi gelen taksit tutar\u0131 tediye edilmedi\u011fi takdirde sat\u0131c\u0131, tek tarafl\u0131 olarak s\u00f6zle\u015fmeyi iptal edebilir ve \u00fcr\u00fcn\u00fc teslim etmeyebilir. \u00dcr\u00fcn teslimat\u0131 sonras\u0131nda herhangi bir sebepten dolay\u0131 i\u015flem yap\u0131lan kredi kart\u0131n\u0131n ait oldu\u011fu banka\/finansman kurumunun \u00fcr\u00fcn bedelini sat\u0131c\u0131ya \u00f6dememesi ya da \u00f6dedi\u011fi bedeli geri talep etmesi halinde, \u00fcr\u00fcn en ge\u00e7 3 (\u00fc\u00e7) g\u00fcn i\u00e7inde al\u0131c\u0131 taraf\u0131ndan sat\u0131c\u0131ya iade edilir. \u00dcr\u00fcn bedelinin \u00f6denmemesi al\u0131c\u0131n\u0131n kusurundan veya ihmalinden kaynaklan\u0131yor ise kargo masraflar\u0131 al\u0131c\u0131 taraf\u0131ndan kar\u015f\u0131lanacakt\u0131r. Sat\u0131c\u0131n\u0131n iadeyi kabul etmeksizin \u00fcr\u00fcn bedeli alaca\u011f\u0131n\u0131 takip dahil di\u011fer t\u00fcm akdi-kanuni haklar\u0131 ayr\u0131ca ve her hal\u00fckarda sakl\u0131d\u0131r. Teredd\u00fcde mahal vermemek bak\u0131m\u0131ndan; al\u0131c\u0131n\u0131n sat\u0131\u015f bedelini, bankalardan (finansman kurulu\u015flar\u0131 dahil) sahip oldu\u011fu kredi kart\u0131, taksit kart vb. ile \u00f6dedi\u011fi hallerde, bu kartlar\u0131n sa\u011flad\u0131\u011f\u0131 t\u00fcm imkanlar do\u011frudan kart\u0131 veren kurulu\u015f\u00e7a sa\u011flanm\u0131\u015f kredi ve\/veya taksitli \u00f6deme imkanlar\u0131d\u0131r; bu \u00e7er\u00e7evede ger\u00e7ekle\u015fen ve sat\u0131c\u0131n\u0131n bedelini defaten veya peyder pey tahsil etti\u011fi \u00fcr\u00fcn sat\u0131\u015flar\u0131 i\u015fbu s\u00f6zle\u015fmenin taraflar\u0131 y\u00f6n\u00fcnden kredili veya taksitli sat\u0131\u015f de\u011fildir, pe\u015fin sat\u0131\u015ft\u0131r. Sat\u0131c\u0131n\u0131n kanunen taksitle sat\u0131\u015f say\u0131lan hallerdeki yasal haklar\u0131 (taksitlerin \u00f6denmemesi halinde s\u00f6zle\u015fmeyi fesih ve\/veya kalan borcun t\u00fcm\u00fcn\u00fcn temerr\u00fct faiziyle birlikte \u00f6denmesini talep haklar\u0131 dahil) ilgili mevzuat \u00e7er\u00e7evesinde mevcut ve sakl\u0131d\u0131r. Al\u0131c\u0131n\u0131n temerr\u00fcd\u00fc durumunda y\u00fcr\u00fcrl\u00fckteki kanunlar\u0131n \u00f6ng\u00f6rd\u00fc\u011f\u00fc \u015fekilde ayl\u0131k oranda temerr\u00fct faizi tatbik edilir.<\/p>\n\n\n\n<p class=\"wp-block-paragraph\">Sat\u0131c\u0131 s\u00f6zle\u015fme konusu \u00fcr\u00fcn\u00fc tedarik edemeyece\u011finin anla\u015f\u0131lmas\u0131 halinde, bu durumu \u00f6\u011frendi\u011fi tarihten itibaren 3 (\u00fc\u00e7) g\u00fcn i\u00e7inde a\u00e7\u0131k bir \u015fekilde al\u0131c\u0131y\u0131 kanuna uygun y\u00f6ntemle bilgilendirmek ve s\u00f6zl\u00fc\/yaz\u0131l\u0131 onay\u0131n\u0131 almak kayd\u0131yla, e\u015fit kalite-fiyatta ba\u015fka bir mal\/hizmeti tedarik edebilir ve s\u00f6zle\u015fme konusu taahh\u00fcd\u00fcn\u00fc bu suretle yerine getirmi\u015f say\u0131l\u0131r. Al\u0131c\u0131 s\u00f6z konusu onay\u0131 verip vermemekte her bak\u0131mdan serbesttir ve onay vermedi\u011fi hallerde sipari\u015f iptaline (s\u00f6zle\u015fme feshine) ili\u015fkin akdi-kanuni h\u00fck\u00fcmler uygulan\u0131r.<\/p>\n\n\n\n<p class=\"wp-block-paragraph\">Al\u0131c\u0131 \u00fcr\u00fcn ve sat\u0131\u015fla ilgili talep ve \u015fikayetlerini&nbsp;s\u00f6zle\u015fmenin giri\u015f k\u0131sm\u0131ndaki sat\u0131c\u0131 ileti\u015fim kanallar\u0131ndan ula\u015farak s\u00f6zl\u00fc veya yaz\u0131l\u0131 \u015fekilde sat\u0131c\u0131ya bildirebilir.<\/p>\n\n\n\n<p class=\"wp-block-paragraph\">Bu s\u00f6zle\u015fmeden ve\/veya uygulanmas\u0131ndan do\u011fabilecek her t\u00fcrl\u00fc uyu\u015fmazl\u0131\u011f\u0131n \u00e7\u00f6z\u00fcm\u00fcnde sat\u0131c\u0131 kay\u0131tlar\u0131 (bilgisayar-ses kay\u0131tlar\u0131 gibi manyetik ortamdaki kay\u0131tlar dahil) delil olu\u015fturur; taraflar\u0131n ilgili emredici yasal d\u00fczenlemelerden bu hususta do\u011fan haklar\u0131 ge\u00e7erli ve sakl\u0131d\u0131r.<\/p>\n\n\n\n<p class=\"wp-block-paragraph\"><strong>13. YETK\u0130L\u0130 MAHKEME<\/strong><\/p>\n\n\n\n<p class=\"wp-block-paragraph\"><strong>\u0130\u015fbu s\u00f6zle\u015fmeden do\u011fan uyu\u015fmazl\u0131klarda \u015fikayet ve itirazlar,<\/strong>&nbsp;a\u015fa\u011f\u0131daki kanunda belirtilen parasal s\u0131n\u0131rlar d\u00e2hilinde t\u00fcketicinin yerle\u015fim yerinin bulundu\u011fu veya t\u00fcketici i\u015fleminin yap\u0131ld\u0131\u011f\u0131 yerdeki t\u00fcketici sorunlar\u0131 hakem heyetine veya t\u00fcketici mahkemesine yap\u0131lacakt\u0131r. Parasal s\u0131n\u0131ra ili\u015fkin bilgiler a\u015fa\u011f\u0131dad\u0131r:&nbsp;<\/p>\n\n\n\n<p class=\"wp-block-paragraph\">28\/05\/2014 tarihinden itibaren ge\u00e7erli olmak \u00fczere:<\/p>\n\n\n\n<p class=\"wp-block-paragraph\"><strong>a)&nbsp;<\/strong>6502 say\u0131l\u0131 T\u00fcketicinin Korunmas\u0131 Hakk\u0131nda Kanun\u2019un 68. Maddesi gere\u011fi de\u011feri 2.000,00 (ikibin) TL\u2019nin alt\u0131nda olan uyu\u015fmazl\u0131klarda il\u00e7e t\u00fcketici hakem heyetlerine,<\/p>\n\n\n\n<p class=\"wp-block-paragraph\">b) De\u011feri 3.000,00(\u00fc\u00e7bin)TL\u2019 nin alt\u0131nda bulunan uyu\u015fmazl\u0131klarda il t\u00fcketici hakem heyetlerine,<\/p>\n\n\n\n<p class=\"wp-block-paragraph\">c) B\u00fcy\u00fck\u015fehir stat\u00fcs\u00fcnde bulunan illerde ise de\u011feri 2.000,00 (ikibin) TL ile 3.000,00(\u00fc\u00e7bin)TL\u2019 aras\u0131ndaki uyu\u015fmazl\u0131klarda il t\u00fcketici hakem heyetlerine ba\u015fvuru yap\u0131lmaktad\u0131r.<br>\u0130\u015fbu S\u00f6zle\u015fme ticari ama\u00e7larla yap\u0131lmaktad\u0131r.<\/p>\n\n\n\n<p class=\"wp-block-paragraph\"><strong>14. Y\u00dcR\u00dcRL\u00dcK<\/strong><\/p>\n\n\n\n<p class=\"wp-block-paragraph\">ALICI, Site \u00fczerinden verdi\u011fi sipari\u015fe ait \u00f6demeyi ger\u00e7ekle\u015ftirdi\u011finde i\u015fbu s\u00f6zle\u015fmenin t\u00fcm \u015fartlar\u0131n\u0131 kabul etmi\u015f say\u0131l\u0131r. SATICI, sipari\u015fin ger\u00e7ekle\u015fmesi \u00f6ncesinde i\u015fbu s\u00f6zle\u015fmenin sitede ALICI taraf\u0131ndan okunup kabul edildi\u011fine dair onay alacak \u015fekilde gerekli yaz\u0131l\u0131msal d\u00fczenlemeleri yapmakla y\u00fck\u00fcml\u00fcd\u00fcr.&nbsp;<\/p>\n\n\n\n<p class=\"wp-block-paragraph\">SATICI:<\/p>\n\n\n\n<p class=\"wp-block-paragraph\">ALICI:<\/p>\n\n\n\n<p class=\"wp-block-paragraph\">TAR\u0130H:<\/p>\n","protected":false},"excerpt":{"rendered":"<p>1.TARAFLAR \u0130\u015fbu S\u00f6zle\u015fme a\u015fa\u011f\u0131daki taraflar aras\u0131nda a\u015fa\u011f\u0131da belirtilen h\u00fck\u00fcm ve \u015fartlar \u00e7er\u00e7evesinde imzalanm\u0131\u015ft\u0131r.&nbsp; AD- SOYAD:ADRES:&nbsp; UNVAN:\u00a0Dks Teknoloji A.\u015e. Adres:&nbsp;Cifte havuzlar Mh, Eski Londra Asfalt\u0131, YTU Teknokent D2 Blok No 151\/1F\/2B03 Esenler \/ \u0130stanbul 34220\u0130\u015f bu s\u00f6zle\u015fmeyi kabul etmekle ALICI, s\u00f6zle\u015fme konusu sipari\u015fi onaylad\u0131\u011f\u0131 takdirde sipari\u015f konusu bedeli ve varsa kargo \u00fccreti, vergi gibi belirtilen ek [&hellip;]<\/p>\n","protected":false},"author":2,"featured_media":0,"parent":0,"menu_order":0,"comment_status":"closed","ping_status":"closed","template":"","meta":{"footnotes":""},"class_list":["post-199","page","type-page","status-publish","hentry"],"jetpack_sharing_enabled":true,"_links":{"self":[{"href":"https:\/\/protekote.com\/index.php\/wp-json\/wp\/v2\/pages\/199","targetHints":{"allow":["GET"]}}],"collection":[{"href":"https:\/\/protekote.com\/index.php\/wp-json\/wp\/v2\/pages"}],"about":[{"href":"https:\/\/protekote.com\/index.php\/wp-json\/wp\/v2\/types\/page"}],"author":[{"embeddable":true,"href":"https:\/\/protekote.com\/index.php\/wp-json\/wp\/v2\/users\/2"}],"replies":[{"embeddable":true,"href":"https:\/\/protekote.com\/index.php\/wp-json\/wp\/v2\/comments?post=199"}],"version-history":[{"count":1,"href":"https:\/\/protekote.com\/index.php\/wp-json\/wp\/v2\/pages\/199\/revisions"}],"predecessor-version":[{"id":200,"href":"https:\/\/protekote.com\/index.php\/wp-json\/wp\/v2\/pages\/199\/revisions\/200"}],"wp:attachment":[{"href":"https:\/\/protekote.com\/index.php\/wp-json\/wp\/v2\/media?parent=199"}],"curies":[{"name":"wp","href":"https:\/\/api.w.org\/{rel}","templated":true}]}}