{"id":412,"date":"2024-10-13T14:18:53","date_gmt":"2024-10-13T14:18:53","guid":{"rendered":"https:\/\/www.protekote.com\/?page_id=412"},"modified":"2026-07-23T11:41:42","modified_gmt":"2026-07-23T11:41:42","slug":"urun-portfoyu","status":"publish","type":"page","link":"https:\/\/protekote.com\/index.php\/urun-portfoyu\/","title":{"rendered":"Katalog"},"content":{"rendered":"\n<p class=\"has-large-font-size wp-block-paragraph\"><strong>Benzersiz ve Yenilik\u00e7i Y\u00fczey \u00c7\u00f6z\u00fcmleri<\/strong><\/p>\n\n\n\n<p class=\"wp-block-paragraph\">Y\u00fczeylere benzersiz, mat ve kadifemsi bir doku kazand\u0131ran \u00f6zel <strong>Protekote Grafen<\/strong> kaplama sistemlerini ke\u015ffedin. Bu y\u00fcksek kaliteli kaplamalar, \u00fcr\u00fcnlerin yan\u0131 s\u0131ra ticari ve \u00f6zel alanlar\u0131n \u00e7ekici tasar\u0131m\u0131 i\u00e7in m\u00fckemmeldir. <\/p>\n\n\n\n<p class=\"has-large-font-size wp-block-paragraph\"><strong>Sofistike Tasar\u0131mlar \u0130\u00e7in Y\u00fczeyler<\/strong><\/p>\n\n\n\n<p class=\"wp-block-paragraph\">S\u0131cak, tekstil benzeri bir his veren mat y\u00fczeyler olu\u015fturarak hem g\u00f6rsel a\u00e7\u0131dan ho\u015f hem de i\u015flevsel y\u00fczeyler sa\u011flar. Astar, son kat kaplamalar, sertle\u015ftirici ve inceltici gibi bile\u015fenlerle, sofistike tasar\u0131m y\u00fczeyleri kolayca ve y\u00fcksek standartlarda tamamlanabilir.<\/p>\n\n\n\n<p class=\"wp-block-paragraph\" style=\"font-size:clamp(1.25rem, 1.25rem + ((1vw - 0.2rem) * 1.25), 2rem);\"><strong>S\u0131v\u0131 Metal Ultra Kaplama Sistemi<\/strong><\/p>\n\n\n\n<figure class=\"wp-block-image size-large\"><img loading=\"lazy\" decoding=\"async\" width=\"738\" height=\"1024\" src=\"https:\/\/protekote.com\/wp-content\/uploads\/2026\/07\/IMG_4441-738x1024.jpg\" alt=\"\" class=\"wp-image-750\" srcset=\"https:\/\/protekote.com\/wp-content\/uploads\/2026\/07\/IMG_4441-738x1024.jpg 738w, https:\/\/protekote.com\/wp-content\/uploads\/2026\/07\/IMG_4441-216x300.jpg 216w, https:\/\/protekote.com\/wp-content\/uploads\/2026\/07\/IMG_4441-768x1066.jpg 768w, https:\/\/protekote.com\/wp-content\/uploads\/2026\/07\/IMG_4441-1107x1536.jpg 1107w, https:\/\/protekote.com\/wp-content\/uploads\/2026\/07\/IMG_4441-600x833.jpg 600w, https:\/\/protekote.com\/wp-content\/uploads\/2026\/07\/IMG_4441.jpg 1206w\" sizes=\"auto, (max-width: 738px) 100vw, 738px\" \/><figcaption class=\"wp-element-caption\">S\u0131v\u0131 Metal Kaplama; MDF<\/figcaption><\/figure>\n\n\n\n<p class=\"wp-block-paragraph\">S\u0131v\u0131 Metal Kaplama; MDF, ah\u015fap, metal, polyester, beton ve uygun y\u00fczey haz\u0131rl\u0131\u011f\u0131 yap\u0131lm\u0131\u015f 3D bask\u0131 par\u00e7alar\u0131na ger\u00e7ek metal g\u00f6r\u00fcn\u00fcm\u00fc kazand\u0131ran, katmanl\u0131 fakat uygulamas\u0131 kolay bir dekoratif kaplama sistemidir.<\/p>\n\n\n\n<p class=\"wp-block-paragraph\">Sistem; y\u00fczey haz\u0131rl\u0131\u011f\u0131, 2K s\u0131v\u0131 metal polisaj alt katman\u0131, 1K Ultra S\u0131v\u0131 Metal, iste\u011fe ba\u011fl\u0131 P491 patina ve UP949 2K koruyucu son kat a\u015famalar\u0131ndan olu\u015fur. Uygulama prensipleri klasik mobilya ve otomotiv boya sistemlerine benzedi\u011fi i\u00e7in deneyimli bir cilac\u0131 veya boyac\u0131, birka\u00e7 numune \u00e7al\u0131\u015fmas\u0131ndan sonra sistemi rahatl\u0131kla uygulayabilir.<\/p>\n\n\n\n<h3 class=\"wp-block-heading\">1. Y\u00fczey haz\u0131rl\u0131\u011f\u0131 ve tekst\u00fcr olu\u015fturma<\/h3>\n\n\n\n<p class=\"wp-block-paragraph\">MDF y\u00fczey \u00fczerine polyester astar f\u0131r\u00e7a ile uygulanarak kontroll\u00fc bir tekst\u00fcr olu\u015fturulur. Polyester astar tamamen kuruduktan sonra y\u00fczey z\u0131mparalan\u0131r ve y\u00fcksek noktalar al\u0131n\u0131r.<\/p>\n\n\n\n<p class=\"wp-block-paragraph\">Bu i\u015flem sonucunda:<\/p>\n\n\n\n<ul class=\"wp-block-list\">\n<li>Keskin ve kontrols\u00fcz tepeler giderilir.<\/li>\n\n\n\n<li>Patinan\u0131n yerle\u015febilece\u011fi \u00e7ukur b\u00f6lgeler korunur.<\/li>\n\n\n\n<li>S\u0131v\u0131 metal katmanlar\u0131 i\u00e7in sa\u011flam ve homojen bir altyap\u0131 haz\u0131rlan\u0131r.<\/li>\n<\/ul>\n\n\n\n<p class=\"wp-block-paragraph\">Daha d\u00fcz ve modern bir metal y\u00fczey isteniyorsa astar klasik y\u00f6ntemle uygulan\u0131p daha ince z\u0131mparalanabilir. Daha eskitilmi\u015f ve hareketli bir g\u00f6r\u00fcn\u00fcm isteniyorsa f\u0131r\u00e7a dokusu k\u0131smen korunabilir.<\/p>\n\n\n\n<h3 class=\"wp-block-heading\">2. 2K s\u0131v\u0131 metal polisaj alt katman\u0131<\/h3>\n\n\n\n<p class=\"wp-block-paragraph\">Haz\u0131rlanan y\u00fczeye ilk olarak iki komponentli s\u0131v\u0131 metal polisaj alt katman\u0131 uygulan\u0131r. Bu katman, y\u00fczeyi kapatarak sonraki Ultra S\u0131v\u0131 Metal uygulamas\u0131 i\u00e7in d\u00fczg\u00fcn, dayan\u0131kl\u0131 ve metalik bir altyap\u0131 olu\u015fturur.<\/p>\n\n\n\n<p class=\"wp-block-paragraph\">Normal \u00e7al\u0131\u015fma ko\u015fullar\u0131nda sistem H5200 ilave edilmeden de uygulanabilir. Daha h\u0131zl\u0131 kuruma gerekti\u011finde ikinci komponent i\u00e7erisine kontroll\u00fc miktarda H5200 kataliz\u00f6r eklenebilir.<\/p>\n\n\n\n<p class=\"wp-block-paragraph\">H5200 miktar\u0131 artt\u0131k\u00e7a kuruma h\u0131zlan\u0131r; buna kar\u015f\u0131l\u0131k kar\u0131\u015f\u0131m\u0131n kullan\u0131labilir s\u00fcresi, yani pot life k\u0131sal\u0131r.<\/p>\n\n\n\n<p class=\"wp-block-paragraph\">Yakla\u015f\u0131k 30 \u00b0C ortam s\u0131cakl\u0131\u011f\u0131nda:<\/p>\n\n\n\n<ul class=\"wp-block-list\">\n<li>\u0130kinci komponent aktivat\u00f6r miktar\u0131n\u0131n yakla\u015f\u0131k yar\u0131s\u0131 kadar H5200 kullan\u0131ld\u0131\u011f\u0131nda pot life yakla\u015f\u0131k 5 dakikaya kadar d\u00fc\u015febilir.<\/li>\n\n\n\n<li>\u0130kinci komponent aktivat\u00f6r miktar\u0131n\u0131n yakla\u015f\u0131k onda biri kadar H5200 kullan\u0131ld\u0131\u011f\u0131nda pot life yakla\u015f\u0131k 30 dakika olabilir.<\/li>\n<\/ul>\n\n\n\n<p class=\"wp-block-paragraph\">Ortam s\u0131cakl\u0131\u011f\u0131, kar\u0131\u015f\u0131m miktar\u0131, y\u00fczey s\u0131cakl\u0131\u011f\u0131 ve uygulama kal\u0131nl\u0131\u011f\u0131 bu s\u00fcreleri de\u011fi\u015ftirebilir. Bu nedenle seri uygulamaya ge\u00e7meden \u00f6nce k\u00fc\u00e7\u00fck bir numune \u00fczerinde uygun H5200 oran\u0131 belirlenmelidir.<\/p>\n\n\n\n<p class=\"wp-block-paragraph\">\u00c7al\u0131\u015fma i\u00e7in yeterli zaman varsa H5200 kullan\u0131lmadan uygulama yap\u0131lmas\u0131, uygulay\u0131c\u0131ya daha uzun ve kontroll\u00fc bir \u00e7al\u0131\u015fma s\u00fcresi sa\u011flar.<\/p>\n\n\n\n<h3 class=\"wp-block-heading\">3. Tam kuruma kontrol\u00fc<\/h3>\n\n\n\n<p class=\"wp-block-paragraph\">Polisaj alt katman\u0131n\u0131n dokunma kurulu\u011funa ula\u015fmas\u0131, tamamen k\u00fcrlendi\u011fi anlam\u0131na gelmez. Bir sonraki a\u015famaya ge\u00e7meden \u00f6nce alt katman\u0131n tam kurumas\u0131 beklenmelidir.<\/p>\n\n\n\n<p class=\"wp-block-paragraph\">Kontrol amac\u0131yla g\u00f6r\u00fcnmeyen k\u00fc\u00e7\u00fck bir b\u00f6lgeye veya ayr\u0131 haz\u0131rlanm\u0131\u015f bir numune par\u00e7as\u0131na az miktarda sel\u00fclozik tiner damlat\u0131l\u0131r. Yakla\u015f\u0131k 5 dakika beklendikten sonra y\u00fczey silinir.<\/p>\n\n\n\n<ul class=\"wp-block-list\">\n<li>Y\u00fczeyde matla\u015fma, yumu\u015fama veya iz olu\u015fuyorsa tam k\u00fcrlenme ger\u00e7ekle\u015fmemi\u015ftir.<\/li>\n\n\n\n<li>Y\u00fczeyde herhangi bir matla\u015fma veya bozulma olu\u015fmuyorsa bir sonraki a\u015famaya ge\u00e7ilebilir.<\/li>\n<\/ul>\n\n\n\n<p class=\"wp-block-paragraph\">Bu kontrol, farkl\u0131 katmanlar aras\u0131nda olu\u015fabilecek solvent etkisini ve y\u00fczey bozulmas\u0131n\u0131 \u00f6nlemek a\u00e7\u0131s\u0131ndan \u00f6nemlidir.<\/p>\n\n\n\n<h3 class=\"wp-block-heading\">4. 1K Ultra S\u0131v\u0131 Metal uygulamas\u0131<\/h3>\n\n\n\n<p class=\"wp-block-paragraph\">Tamamen k\u00fcrlenmi\u015f polisaj alt katman\u0131n\u0131n \u00fczerine tek komponentli Ultra S\u0131v\u0131 Metal uygulan\u0131r.<\/p>\n\n\n\n<p class=\"wp-block-paragraph\">Bu katman, y\u00fczeyin as\u0131l metal rengini ve metalik karakterini olu\u015fturur. Uygulama y\u00f6ntemine g\u00f6re y\u00fczey:<\/p>\n\n\n\n<ul class=\"wp-block-list\">\n<li>D\u00fcz ve modern,<\/li>\n\n\n\n<li>Saten,<\/li>\n\n\n\n<li>F\u0131r\u00e7alanm\u0131\u015f,<\/li>\n\n\n\n<li>Tekst\u00fcrl\u00fc,<\/li>\n\n\n\n<li>Eskitilmi\u015f<\/li>\n<\/ul>\n\n\n\n<p class=\"wp-block-paragraph\">bir g\u00f6r\u00fcn\u00fcmde haz\u0131rlanabilir.<\/p>\n\n\n\n<p class=\"wp-block-paragraph\">Ultra S\u0131v\u0131 Metal uygulamas\u0131ndan sonra, ortam ko\u015fullar\u0131na ba\u011fl\u0131 olarak yakla\u015f\u0131k 3 saat beklenir. Patina uygulanacaksa y\u00fczeyin yeterli kurulu\u011fa ula\u015fm\u0131\u015f olmas\u0131 gerekir.<\/p>\n\n\n\n<h3 class=\"wp-block-heading\">5. P491 patina uygulamas\u0131 \u2014 opsiyonel<\/h3>\n\n\n\n<p class=\"wp-block-paragraph\">Daha derin, ya\u015fland\u0131r\u0131lm\u0131\u015f ve antik bir metal g\u00f6r\u00fcn\u00fcm\u00fc isteniyorsa P491 patina uygulanabilir. Patina kullan\u0131m\u0131 zorunlu de\u011fildir. Patina uygulanmad\u0131\u011f\u0131nda daha temiz, homojen ve modern bir metal y\u00fczey elde edilir.<\/p>\n\n\n\n<p class=\"wp-block-paragraph\">P491 patina, s\u00fcnger yard\u0131m\u0131yla y\u00fczeye s\u00fcr\u00fcl\u00fcr ve kurumas\u0131 beklenir. Kuruma sonras\u0131nda temiz ve kuru bir s\u00fcngerle y\u00fczeyin y\u00fcksek noktalar\u0131 kontroll\u00fc bi\u00e7imde silinir.<\/p>\n\n\n\n<p class=\"wp-block-paragraph\">Bu i\u015flem s\u0131ras\u0131nda:<\/p>\n\n\n\n<ul class=\"wp-block-list\">\n<li>Y\u00fcksek noktalarda alttaki s\u0131v\u0131 metal yeniden g\u00f6r\u00fcn\u00fcr.<\/li>\n\n\n\n<li>P491 patina \u00e7ukur ve g\u00f6zenekli b\u00f6lgelerde kal\u0131r.<\/li>\n\n\n\n<li>Y\u00fczeyde \u00fc\u00e7 boyutlu ve do\u011fal bir eskitme etkisi olu\u015fur.<\/li>\n<\/ul>\n\n\n\n<p class=\"wp-block-paragraph\">Patinan\u0131n yo\u011funlu\u011fu, uygulanan miktar ve silme derecesi de\u011fi\u015ftirilerek projeye \u00f6zel g\u00f6r\u00fcn\u00fcm elde edilebilir.<\/p>\n\n\n\n<h3 class=\"wp-block-heading\">6. UP949 2K koruyucu son kat<\/h3>\n\n\n\n<p class=\"wp-block-paragraph\">Uygulaman\u0131n son a\u015famas\u0131nda UP949 iki komponentli koruyucu son kat vernik uygulan\u0131r.<\/p>\n\n\n\n<p class=\"wp-block-paragraph\">UP949:<\/p>\n\n\n\n<ul class=\"wp-block-list\">\n<li>Metalik y\u00fczeyi ve patina efektini sabitler.<\/li>\n\n\n\n<li>Kirlenmeye ve neme kar\u015f\u0131 direnci art\u0131r\u0131r.<\/li>\n\n\n\n<li>Parmak izi ve kullan\u0131m kaynakl\u0131 a\u015f\u0131nmay\u0131 azalt\u0131r.<\/li>\n\n\n\n<li>Y\u00fczeyin daha kolay temizlenmesini sa\u011flar.<\/li>\n\n\n\n<li>Dekoratif metal g\u00f6r\u00fcn\u00fcm\u00fcn\u00fcn uzun s\u00fcre korunmas\u0131na yard\u0131mc\u0131 olur.<\/li>\n<\/ul>\n\n\n\n<p class=\"wp-block-paragraph\">Daha h\u0131zl\u0131 kuruma istendi\u011finde UP949 sisteminin ikinci komponenti olan aktivat\u00f6re, polisaj alt katman\u0131nda oldu\u011fu gibi kontroll\u00fc miktarda H5200 ilave edilebilir. H5200 miktar\u0131 artt\u0131k\u00e7a kuruma s\u00fcresi k\u0131sal\u0131rken pot life da azal\u0131r. Bu nedenle kar\u0131\u015f\u0131m uygulamadan hemen \u00f6nce ve k\u0131sa s\u00fcrede kullan\u0131labilecek miktarda haz\u0131rlanmal\u0131d\u0131r.<\/p>\n\n\n\n<h3 class=\"wp-block-heading\">3D bask\u0131 par\u00e7alar \u00fczerinde uygulama<\/h3>\n\n\n\n<p class=\"wp-block-paragraph\">S\u0131v\u0131 Metal Kaplama, uygun y\u00fczey haz\u0131rl\u0131\u011f\u0131 yap\u0131ld\u0131\u011f\u0131nda 3D bask\u0131 par\u00e7alar \u00fczerinde de kullan\u0131labilir.<\/p>\n\n\n\n<p class=\"wp-block-paragraph\">PLA, ABS, PETG, re\u00e7ine bask\u0131 ve benzeri y\u00fczeylerde \u00f6ncelikle bask\u0131 \u00e7izgileri, katman izleri ve g\u00f6zenekler uygun dolgu astar\u0131 veya polyester astar ile kapat\u0131l\u0131r. Y\u00fczey z\u0131mparalanarak homojen h\u00e2le getirildikten sonra ayn\u0131 uygulama a\u015famalar\u0131na ge\u00e7ilir.<\/p>\n\n\n\n<p class=\"wp-block-paragraph\">Bu sayede hafif ve ekonomik bir 3D bask\u0131 par\u00e7a; bronz, bak\u0131r, pirin\u00e7, al\u00fcminyum, demir, \u00e7elik veya \u00f6zel metal g\u00f6r\u00fcn\u00fcm\u00fcne d\u00f6n\u00fc\u015ft\u00fcr\u00fclebilir.<\/p>\n\n\n\n<h3 class=\"wp-block-heading\">Mimari ve dekoratif kullan\u0131m alanlar\u0131<\/h3>\n\n\n\n<p class=\"wp-block-paragraph\">Sistem; mobilya, kap\u0131, duvar paneli, kolon, resepsiyon bankosu, ma\u011faza dekorasyonu, otel ve restoran i\u00e7 mek\u00e2nlar\u0131, dekoratif objeler, sanat \u00e7al\u0131\u015fmalar\u0131, prototipler ve \u00f6zel \u00fcretim 3D bask\u0131 par\u00e7alar\u0131nda kullan\u0131labilir.<\/p>\n\n\n\n<p class=\"wp-block-paragraph\">Uygulama \u00e7ok say\u0131da katmandan olu\u015fuyor gibi g\u00f6r\u00fcnse de her a\u015fama klasik astar, boya, patina ve vernik uygulamalar\u0131na dayan\u0131r. Profesyonel bir cilac\u0131 veya boyac\u0131, birka\u00e7 k\u00fc\u00e7\u00fck numune \u00e7al\u0131\u015fmas\u0131yla kuruma s\u00fcrelerini, patina yo\u011funlu\u011funu ve y\u00fczey a\u00e7ma tekni\u011fini \u00f6\u011frenerek sistemi seri \u00fcretimde uygulayabilir.<\/p>\n\n\n\n<p class=\"wp-block-paragraph\"><\/p>\n\n\n\n<p class=\"wp-block-paragraph\" style=\"font-size:clamp(1.25rem, 1.25rem + ((1vw - 0.2rem) * 1.25), 2rem);\"><strong>Protekote Grafen S\u00fcet Kaplama SC<\/strong><\/p>\n\n\n\n<figure class=\"wp-block-image\"><img loading=\"lazy\" decoding=\"async\" width=\"1532\" height=\"1094\" src=\"https:\/\/protekote.com\/wp-content\/uploads\/2024\/10\/Screenshot-2024-10-13-at-16.26.19.png\" alt=\"\" class=\"wp-image-413\" srcset=\"https:\/\/protekote.com\/wp-content\/uploads\/2024\/10\/Screenshot-2024-10-13-at-16.26.19.png 1532w, https:\/\/protekote.com\/wp-content\/uploads\/2024\/10\/Screenshot-2024-10-13-at-16.26.19-300x214.png 300w, https:\/\/protekote.com\/wp-content\/uploads\/2024\/10\/Screenshot-2024-10-13-at-16.26.19-1024x731.png 1024w, https:\/\/protekote.com\/wp-content\/uploads\/2024\/10\/Screenshot-2024-10-13-at-16.26.19-768x548.png 768w, https:\/\/protekote.com\/wp-content\/uploads\/2024\/10\/Screenshot-2024-10-13-at-16.26.19-600x428.png 600w\" sizes=\"auto, (max-width: 1532px) 100vw, 1532px\" \/><\/figure>\n\n\n\n<p class=\"wp-block-paragraph\"><strong>Protekote Grafen S\u00fcet Kaplama SC<\/strong>, y\u00fczeylere yumu\u015fak ve kadifemsi bir doku kazand\u0131ran yenilik\u00e7i bir kaplamad\u0131r. \u0130\u00e7 mekan uygulamalar\u0131 ve tasar\u0131m objeleri i\u00e7in ideal olan bu kaplama, her objeye l\u00fcks bir g\u00f6r\u00fcn\u00fcm sa\u011flar. Protekote Grafen Kadife Kaplama ile benzer \u00f6zelliklere sahip olan bu kaplama, d\u00fc\u015f\u00fck yans\u0131tma de\u011ferleri ve geni\u015f renk se\u00e7enekleri ile sunulmaktad\u0131r. Bu malzeme \u00f6zelli\u011fi, tasar\u0131m fikirlerinin teknik y\u00fczeylere d\u00f6n\u00fc\u015ft\u00fcr\u00fclmesini m\u00fcmk\u00fcn k\u0131lar.<\/p>\n\n\n\n<figure class=\"wp-block-image\"><img loading=\"lazy\" decoding=\"async\" width=\"2440\" height=\"1536\" src=\"https:\/\/protekote.com\/wp-content\/uploads\/2024\/10\/Screenshot-2024-10-13-at-16.26.54.png\" alt=\"\" class=\"wp-image-415\" srcset=\"https:\/\/protekote.com\/wp-content\/uploads\/2024\/10\/Screenshot-2024-10-13-at-16.26.54.png 2440w, https:\/\/protekote.com\/wp-content\/uploads\/2024\/10\/Screenshot-2024-10-13-at-16.26.54-300x189.png 300w, https:\/\/protekote.com\/wp-content\/uploads\/2024\/10\/Screenshot-2024-10-13-at-16.26.54-1024x645.png 1024w, https:\/\/protekote.com\/wp-content\/uploads\/2024\/10\/Screenshot-2024-10-13-at-16.26.54-768x483.png 768w, https:\/\/protekote.com\/wp-content\/uploads\/2024\/10\/Screenshot-2024-10-13-at-16.26.54-1536x967.png 1536w, https:\/\/protekote.com\/wp-content\/uploads\/2024\/10\/Screenshot-2024-10-13-at-16.26.54-2048x1289.png 2048w, https:\/\/protekote.com\/wp-content\/uploads\/2024\/10\/Screenshot-2024-10-13-at-16.26.54-600x378.png 600w\" sizes=\"auto, (max-width: 2440px) 100vw, 2440px\" \/><\/figure>\n\n\n\n<p class=\"wp-block-paragraph\">Yumu\u015fak Dokunu\u015f ve Mat Y\u00fczey<\/p>\n\n\n\n<p class=\"wp-block-paragraph\">Protekote Grafen S\u00fcet Kaplama SC, yumu\u015fak dokusu ve mat y\u00fczeyiyle etkileyici bir kaplama sistemidir. Projelerinizi Protekote Grafen ile ince bir dokunu\u015fla m\u00fckemmelle\u015ftirerek en y\u00fcksek tasar\u0131m taleplerine uygun y\u00fczeyler yarat\u0131n. Projelerinize benzersiz bir dokunu\u015f kat\u0131n. Protekote Grafen S\u00fcet Kaplama, standart bir sprey tabancas\u0131 ile kolayca uygulanabilen 2 bile\u015fenli bir kaplama sistemidir. Renk ve y\u00fczeye ba\u011fl\u0131 olarak, Protekote Grafen tek kat olarak da kullan\u0131labilir. Optimum yap\u0131\u015fma ve do\u011fru renk etkisi i\u00e7in Protekote Grafen Astar MB743 \u00fc \u00f6neriyoruz.<\/p>\n\n\n\n<p class=\"wp-block-paragraph\"><\/p>\n\n\n\n<figure class=\"wp-block-image\"><img loading=\"lazy\" decoding=\"async\" width=\"2390\" height=\"1522\" src=\"https:\/\/protekote.com\/wp-content\/uploads\/2024\/10\/Screenshot-2024-10-13-at-16.27.07.png\" alt=\"\" class=\"wp-image-416\" srcset=\"https:\/\/protekote.com\/wp-content\/uploads\/2024\/10\/Screenshot-2024-10-13-at-16.27.07.png 2390w, https:\/\/protekote.com\/wp-content\/uploads\/2024\/10\/Screenshot-2024-10-13-at-16.27.07-300x191.png 300w, https:\/\/protekote.com\/wp-content\/uploads\/2024\/10\/Screenshot-2024-10-13-at-16.27.07-1024x652.png 1024w, https:\/\/protekote.com\/wp-content\/uploads\/2024\/10\/Screenshot-2024-10-13-at-16.27.07-768x489.png 768w, https:\/\/protekote.com\/wp-content\/uploads\/2024\/10\/Screenshot-2024-10-13-at-16.27.07-1536x978.png 1536w, https:\/\/protekote.com\/wp-content\/uploads\/2024\/10\/Screenshot-2024-10-13-at-16.27.07-2048x1304.png 2048w, https:\/\/protekote.com\/wp-content\/uploads\/2024\/10\/Screenshot-2024-10-13-at-16.27.07-600x382.png 600w\" sizes=\"auto, (max-width: 2390px) 100vw, 2390px\" \/><\/figure>\n\n\n\n<p class=\"wp-block-paragraph\">Mat, s\u00fcet benzeri dokusuyla <strong>Protekote Grafen S\u00fcet Kaplama<\/strong>, \u00e7ekici \u00fcr\u00fcn tasar\u0131mlar\u0131n\u0131 m\u00fcmk\u00fcn k\u0131lar ve y\u00fczeylere y\u00fcksek kaliteli, s\u0131cak ve tekstil benzeri bir karakter kazand\u0131r\u0131r. Bu \u00fcr\u00fcn\u00fcn kullan\u0131m alanlar\u0131 aras\u0131nda ev aksesuarlar\u0131, sat\u0131\u015f te\u015fhirleri ve vitrinlerin yan\u0131 s\u0131ra, havac\u0131l\u0131k ve otomotiv end\u00fcstrisinde yer alan t\u00fcketim mallar\u0131 ve y\u00fczeyler de bulunur. \u00d6zellikle i\u00e7 mekan ve ma\u011faza tasar\u0131mlar\u0131nda, <strong>Protekote Grafen<\/strong>, \u00f6zel y\u00fczeyler ve y\u00fcksek kaliteli kaplamalar olu\u015fturmak i\u00e7in en sevilen ara\u00e7lardan biridir.<\/p>\n\n\n\n<p class=\"wp-block-paragraph\">Ma\u011fazam\u0131zdan  Projeniz i\u00e7in Protekote Grafen \u00fcr\u00fcnlerini h\u0131zl\u0131 ve kolay bir \u015fekilde sipari\u015f edin!<\/p>\n\n\n\n<figure class=\"wp-block-image\"><img loading=\"lazy\" decoding=\"async\" width=\"2418\" height=\"1066\" src=\"https:\/\/protekote.com\/wp-content\/uploads\/2024\/10\/Screenshot-2024-10-13-at-16.27.18.png\" alt=\"\" class=\"wp-image-417\" srcset=\"https:\/\/protekote.com\/wp-content\/uploads\/2024\/10\/Screenshot-2024-10-13-at-16.27.18.png 2418w, https:\/\/protekote.com\/wp-content\/uploads\/2024\/10\/Screenshot-2024-10-13-at-16.27.18-300x132.png 300w, https:\/\/protekote.com\/wp-content\/uploads\/2024\/10\/Screenshot-2024-10-13-at-16.27.18-1024x451.png 1024w, https:\/\/protekote.com\/wp-content\/uploads\/2024\/10\/Screenshot-2024-10-13-at-16.27.18-768x339.png 768w, https:\/\/protekote.com\/wp-content\/uploads\/2024\/10\/Screenshot-2024-10-13-at-16.27.18-1536x677.png 1536w, https:\/\/protekote.com\/wp-content\/uploads\/2024\/10\/Screenshot-2024-10-13-at-16.27.18-2048x903.png 2048w, https:\/\/protekote.com\/wp-content\/uploads\/2024\/10\/Screenshot-2024-10-13-at-16.27.18-600x265.png 600w\" sizes=\"auto, (max-width: 2418px) 100vw, 2418px\" \/><\/figure>\n\n\n\n<p class=\"wp-block-paragraph\"><strong>Y\u00fcksek Teknolojik G\u00fc\u00e7 De\u011ferleri Sayesinde<\/strong><br><strong>Protekote Grafen S\u00fcet Kaplama<\/strong>, dekoratif ama\u00e7lar i\u00e7in \u00f6zellikle uygundur.<\/p>\n\n\n\n<p class=\"wp-block-paragraph\"><strong>Benzersiz Dokunsal Deneyim<\/strong><\/p>\n\n\n\n<p class=\"wp-block-paragraph\">\u00d6zel pigmentler, yumu\u015fak ve dokunsal bir izlenim veren s\u00fcet benzeri y\u00fczeyler yarat\u0131r. I\u015f\u0131k kaynaklar\u0131yla birle\u015fti\u011finde, yans\u0131ma \u00f6nleyici \u00f6zellikleri sayesinde ya\u015fam alan\u0131nda s\u0131cak ve ho\u015f bir atmosfer olu\u015fturur.<\/p>\n\n\n\n<p class=\"wp-block-paragraph\"><strong>Fonksiyonel Optik<\/strong><\/p>\n\n\n\n<p class=\"wp-block-paragraph\">Yans\u0131ma \u00f6nleyici \u00f6zel yap\u0131s\u0131 sayesinde, <strong>Protekote Grafen S\u00fcet Kaplama<\/strong>, teknik a\u00e7\u0131dan talepkar alanlar i\u00e7in m\u00fckemmel bir \u00e7\u00f6z\u00fcmd\u00fcr. <strong>Protekote Grafen S\u00fcet Kaplama<\/strong>, gelen \u0131\u015f\u0131\u011f\u0131n %98&#8217;ine kadar\u0131n\u0131 da\u011f\u0131n\u0131k bir \u015fekilde yans\u0131tarak, rahats\u0131z edici yans\u0131malar\u0131 etkili bir \u015fekilde \u00f6nler. Bu \u00f6zellik, \u00f6zellikle otomotiv, rayl\u0131 sistemler ve havac\u0131l\u0131k end\u00fcstrisinde kullan\u0131lan g\u00f6sterge panelleri ve ekranlar i\u00e7in b\u00fcy\u00fck avantaj sa\u011flar. Mat y\u00fczey ve yans\u0131ma \u00f6nleyici \u00f6zellikler, ma\u011faza ve vitrin tasar\u0131mlar\u0131nda da yarat\u0131c\u0131 bir \u015fekilde kullan\u0131labilir.<\/p>\n\n\n\n<p class=\"wp-block-paragraph\">\u00d6zel <strong>Protekote Grafen pigmentleri<\/strong>, gelen \u0131\u015f\u0131\u011f\u0131n farkl\u0131 y\u00f6nlere da\u011f\u0131lmas\u0131na neden olan p\u00fcr\u00fczl\u00fc bir y\u00fczey yarat\u0131r. Sonu\u00e7 olarak, yaln\u0131zca k\u00fc\u00e7\u00fck bir k\u0131sm\u0131 g\u00f6ze ula\u015f\u0131r ve son derece mat bir y\u00fczey elde edilir. Bu, hem teknik hem de estetik a\u00e7\u0131dan ek de\u011fer sa\u011flar.<\/p>\n\n\n\n<p class=\"wp-block-paragraph\"><strong>Kolay Uygulama ve Geni\u015f Renk Se\u00e7enekleri<\/strong><\/p>\n\n\n\n<p class=\"wp-block-paragraph\"><strong>Protekote Grafen S\u00fcet Kaplama<\/strong>, herhangi bir standart sprey ekipman\u0131 ile kolayca uygulanabilen 2 bile\u015fenli bir kaplama sistemidir. Y\u00fczeye ba\u011fl\u0131 olarak <strong>Protekote Grafen<\/strong>, tek katmanl\u0131 bir sistem olarak da uygulanabilir. Optimum yap\u0131\u015fma ve renk etkisi i\u00e7in <strong>Protekote Grafen Astar MB743<\/strong>&#8216;\u00fc \u00f6neriyoruz.<\/p>\n\n\n\n<p class=\"wp-block-paragraph\">Standart teneke boyutlar\u0131 2Lt ve 20Lt setlerden olu\u015fur, bunlar baz malzeme ve sertle\u015ftiriciyi i\u00e7erir. Daha b\u00fcy\u00fck teneke boyutlar\u0131 talep \u00fczerine sunulabilir. <strong>Protekote Grafen S\u00fcet Kaplama<\/strong>, 40&#8217;dan fazla mat renk tonunda mevcuttur. \u00d6zel renk tonlar\u0131 talep \u00fczerine geli\u015ftirilebilir \u2013 hemen hemen her renk, hatta metalik efektler dahi m\u00fcmk\u00fcnd\u00fcr.  <\/p>\n\n\n\n<p class=\"has-xx-large-font-size wp-block-paragraph\"><strong>Velvet Coating<\/strong><\/p>\n\n\n\n<div class=\"wp-block-columns is-layout-flex wp-container-core-columns-is-layout-3a88641f wp-block-columns-is-layout-flex\">\n<div class=\"wp-block-column is-layout-flow wp-block-column-is-layout-flow\" style=\"flex-basis:100%\">\n<div class=\"wp-block-jetpack-tiled-gallery aligncenter is-style-rectangular\"><div class=\"\"><div class=\"tiled-gallery__gallery\"><div class=\"tiled-gallery__row\"><div class=\"tiled-gallery__col\" style=\"flex-basis:100.00000%\"><figure class=\"tiled-gallery__item\"><img decoding=\"async\" alt=\"\" data-height=\"896\" data-id=\"418\" data-link=\"https:\/\/protekote.com\/?attachment_id=418\" data-url=\"https:\/\/protekote.com\/wp-content\/uploads\/2024\/10\/Screenshot-2024-10-13-at-16.27.32-1024x602.png\" data-width=\"1524\" src=\"https:\/\/i0.wp.com\/www.protekote.com\/wp-content\/uploads\/2024\/10\/Screenshot-2024-10-13-at-16.27.32-1024x602.png?ssl=1\" data-amp-layout=\"responsive\" tabindex=\"0\" role=\"button\" aria-label=\"1\/1 g\u00f6rseli tam ekranda a\u00e7\"\/><\/figure><\/div><\/div><\/div><\/div><\/div>\n<\/div>\n<\/div>\n\n\n\n<p class=\"wp-block-paragraph\">Renk: Siyah \/ G\u00f6r\u00fcn\u00fcm: En d\u00fc\u015f\u00fck yans\u0131ma i\u00e7in siyah<br>kaplama, parlamayan y\u00fczey. P\u00fcsk\u00fcrt\u00fclen y\u00fczey, gelen<br>\u0131\u015f\u0131\u011f\u0131n %98&#8217;e kadar\u0131n\u0131 emer. Rahats\u0131z edici yans\u0131may\u0131<br>azaltmak ve \u00f6l\u00e7\u00fcm do\u011frulu\u011funu art\u0131rmak veya sadece \u0131\u015f\u0131k<br>so\u011furma etkisi yaratmak i\u00e7in m\u00fckemmel kaplama. \/<br>A\u00e7\u0131klama: D\u00fc\u015f\u00fck emisyonlu, mat ve tamamen parlamayan<br>y\u00fczeyler olu\u015fturmak i\u00e7in kullan\u0131lan \u00f6zel siyah sonkat. Daha<br>da kolay uygulama i\u00e7in 1 bile\u015fenli malzeme. Geli\u015f<br>a\u00e7\u0131s\u0131ndan ba\u011f\u0131ms\u0131z olarak, yay\u0131lan sa\u00e7\u0131lma yoluyla<br>\u0131\u015f\u0131nlanan \u0131\u015f\u0131\u011f\u0131n yaln\u0131zca %2&#8217;sinin yans\u0131mas\u0131. I\u015f\u0131k<br>yans\u0131mas\u0131ndan ka\u00e7\u0131n\u0131lmas\u0131 gereken y\u00fczeylere uygulama<br>i\u00e7in, \u00f6rn. enstr\u00fcman terazileri, optik aletler ve bilimsel<br>ekipman. Primer MB525 antrasit \u00fczerine uygulama K\u00fc\u00e7\u00fck<br>par\u00e7alar f\u0131r\u00e7a ile boyanabilir. Daha iyi y\u00fczey g\u00f6r\u00fcn\u00fcm\u00fc ve<br>kalitesi i\u00e7in p\u00fcsk\u00fcrtme tabancas\u0131 kullan\u0131n<\/p>\n\n\n\n<p class=\"has-xx-large-font-size wp-block-paragraph\"><strong>Soft Coating<\/strong><\/p>\n\n\n\n<div class=\"wp-block-columns is-layout-flex wp-container-core-columns-is-layout-3a88641f wp-block-columns-is-layout-flex\">\n<div class=\"wp-block-column is-layout-flow wp-block-column-is-layout-flow\" style=\"flex-basis:100%\">\n<div class=\"wp-block-jetpack-tiled-gallery aligncenter is-style-rectangular\"><div class=\"\"><div class=\"tiled-gallery__gallery\"><div class=\"tiled-gallery__row\"><div class=\"tiled-gallery__col\" style=\"flex-basis:100.00000%\"><figure class=\"tiled-gallery__item\"><img decoding=\"async\" srcset=\"https:\/\/i0.wp.com\/www.protekote.com\/wp-content\/uploads\/2024\/10\/Screenshot-2024-10-13-at-16.27.48-1024x530.png?strip=info&#038;w=600&#038;ssl=1 600w,https:\/\/i0.wp.com\/www.protekote.com\/wp-content\/uploads\/2024\/10\/Screenshot-2024-10-13-at-16.27.48-1024x530.png?strip=info&#038;w=900&#038;ssl=1 900w,https:\/\/i0.wp.com\/www.protekote.com\/wp-content\/uploads\/2024\/10\/Screenshot-2024-10-13-at-16.27.48-1024x530.png?strip=info&#038;w=1200&#038;ssl=1 1200w,https:\/\/i0.wp.com\/www.protekote.com\/wp-content\/uploads\/2024\/10\/Screenshot-2024-10-13-at-16.27.48-1024x530.png?strip=info&#038;w=1500&#038;ssl=1 1500w,https:\/\/i0.wp.com\/www.protekote.com\/wp-content\/uploads\/2024\/10\/Screenshot-2024-10-13-at-16.27.48-1024x530.png?strip=info&#038;w=1800&#038;ssl=1 1800w,https:\/\/i0.wp.com\/www.protekote.com\/wp-content\/uploads\/2024\/10\/Screenshot-2024-10-13-at-16.27.48-1024x530.png?strip=info&#038;w=2000&#038;ssl=1 2000w\" alt=\"\" data-height=\"1330\" data-id=\"419\" data-link=\"https:\/\/protekote.com\/?attachment_id=419\" data-url=\"https:\/\/protekote.com\/wp-content\/uploads\/2024\/10\/Screenshot-2024-10-13-at-16.27.48-1024x530.png\" data-width=\"2570\" src=\"https:\/\/i0.wp.com\/www.protekote.com\/wp-content\/uploads\/2024\/10\/Screenshot-2024-10-13-at-16.27.48-1024x530.png?ssl=1\" data-amp-layout=\"responsive\" tabindex=\"0\" role=\"button\" aria-label=\"1\/1 g\u00f6rseli tam ekranda a\u00e7\"\/><\/figure><\/div><\/div><\/div><\/div><\/div>\n<\/div>\n<\/div>\n\n\n\n<p class=\"wp-block-paragraph\">Renk: 10 standart renk \/ G\u00f6r\u00fcn\u00fcm: Kaplama, dokunsal mat bir<br>etki verir. \/ Tan\u0131m: Yenilik\u00e7i \u00fcr\u00fcn tasar\u0131m\u0131 i\u00e7in Soft Coating,<br>k\u0131rm\u0131z\u0131 g\u00fcl yapra\u011f\u0131 yapraklar\u0131 gibi s\u0131cak, dokunma hissi \u00fcretir<br>ve y\u00fcksek kaliteli \u00fcr\u00fcn ve y\u00fczeylerin de\u011ferini art\u0131r\u0131r. M\u00fckemmel<br>kimyasal, a\u015f\u0131nma direnci, parlama \u00f6nleyici ve \u00fcst\u00fcn yap\u0131\u015fma<br>\u00f6zellikleriyle birlikte teknolojik kararl\u0131l\u0131\u011f\u0131 nedeniyle. <\/p>\n\n\n\n<p class=\"wp-block-paragraph\"><\/p>\n\n\n\n<figure class=\"wp-block-gallery has-nested-images columns-default is-cropped wp-block-gallery-1 is-layout-flex wp-block-gallery-is-layout-flex\">\n<figure class=\"wp-block-image size-large\"><img loading=\"lazy\" decoding=\"async\" width=\"1024\" height=\"431\" data-id=\"432\" src=\"https:\/\/protekote.com\/wp-content\/uploads\/2024\/10\/Screenshot-2024-10-13-at-16.32.40-1024x431.png\" alt=\"\" class=\"wp-image-432\" srcset=\"https:\/\/protekote.com\/wp-content\/uploads\/2024\/10\/Screenshot-2024-10-13-at-16.32.40-1024x431.png 1024w, https:\/\/protekote.com\/wp-content\/uploads\/2024\/10\/Screenshot-2024-10-13-at-16.32.40-300x126.png 300w, https:\/\/protekote.com\/wp-content\/uploads\/2024\/10\/Screenshot-2024-10-13-at-16.32.40-768x323.png 768w, https:\/\/protekote.com\/wp-content\/uploads\/2024\/10\/Screenshot-2024-10-13-at-16.32.40-1536x646.png 1536w, https:\/\/protekote.com\/wp-content\/uploads\/2024\/10\/Screenshot-2024-10-13-at-16.32.40-600x253.png 600w, https:\/\/protekote.com\/wp-content\/uploads\/2024\/10\/Screenshot-2024-10-13-at-16.32.40.png 1630w\" sizes=\"auto, (max-width: 1024px) 100vw, 1024px\" \/><\/figure>\n<\/figure>\n\n\n\n<p class=\"wp-block-paragraph\">Yumu\u015fak Kaplama \u00f6zellikle dekoratif ama\u00e7lar i\u00e7in uygundur. Uygulama<br>alan\u0131 Plastik \u00fczerinde geli\u015ftirilmi\u015f y\u00fczey iyile\u015ftirmesi sunar: \u2022<br>otomobillerin ve u\u00e7aklar\u0131n i\u00e7 k\u0131s\u0131mlar\u0131 \u2022 sergi kabinleri ve \u0131\u015f\u0131klar ofis makineleri ve bilgisayar ekipmanlar\u0131 \u2022 3 boyutlu bas\u0131l\u0131 malzemeler ve end\u00fcstri \u2022 optik cihazlar, \u00f6l\u00e7\u00fcm aletleri ve panolar.<\/p>\n\n\n\n<p class=\"has-xx-large-font-size wp-block-paragraph\">Grafen Kaplama<\/p>\n\n\n\n<figure class=\"wp-block-image size-large\"><img loading=\"lazy\" decoding=\"async\" width=\"1024\" height=\"513\" src=\"https:\/\/protekote.com\/wp-content\/uploads\/2024\/10\/Screenshot-2024-10-13-at-16.28.09-1024x513.png\" alt=\"\" class=\"wp-image-420\" srcset=\"https:\/\/protekote.com\/wp-content\/uploads\/2024\/10\/Screenshot-2024-10-13-at-16.28.09-1024x513.png 1024w, https:\/\/protekote.com\/wp-content\/uploads\/2024\/10\/Screenshot-2024-10-13-at-16.28.09-300x150.png 300w, https:\/\/protekote.com\/wp-content\/uploads\/2024\/10\/Screenshot-2024-10-13-at-16.28.09-768x385.png 768w, https:\/\/protekote.com\/wp-content\/uploads\/2024\/10\/Screenshot-2024-10-13-at-16.28.09-1536x770.png 1536w, https:\/\/protekote.com\/wp-content\/uploads\/2024\/10\/Screenshot-2024-10-13-at-16.28.09-2048x1026.png 2048w, https:\/\/protekote.com\/wp-content\/uploads\/2024\/10\/Screenshot-2024-10-13-at-16.28.09-600x301.png 600w\" sizes=\"auto, (max-width: 1024px) 100vw, 1024px\" \/><\/figure>\n\n\n\n<p class=\"wp-block-paragraph\">Grafen Kaplama, otomobil end\u00fcstrisinde ortaya \u00e7\u0131kan en yeni yenilikler<br>olarak kabul edilir. Bir karbon atomu tabakas\u0131 i\u00e7eren grafen, d\u00fcnyada var<br>oldu\u011fu bilinen en sa\u011flam malzeme olarak \u00f6v\u00fcl\u00fcr.<br>Renk: 8 standart renk \/ G\u00f6r\u00fcn\u00fcm: Y\u00fcksek yans\u0131ma i\u00e7in \u00f6zel kaplama<br>A\u00e7\u0131klama: Grafen Kaplama C5 korozyon direncine sahiptir. E\u015fsiz Optikler<br>ve hareketli par\u00e7alar dahil her t\u00fcr metal, plastik ve ah\u015fap i\u00e7in ge\u00e7erlidir.<br>\u00d6n \u0131s\u0131tma veya f\u0131r\u0131nlama yoktur ve solventlere ve temizleyicilere kar\u015f\u0131<br>direncin yan\u0131 s\u0131ra m\u00fckemmel a\u015f\u0131nma ve bozulma direncine sahiptir.<br>Demir i\u00e7eren metaller, ala\u015f\u0131mlar, sentetikler ve ah\u015fap vb. dahil olmak<br>\u00fczere t\u00fcm metal ve plastik par\u00e7alarda kullan\u0131m i\u00e7in idealdir. Ya\u011flay\u0131c\u0131lara,<br>kesme ya\u011flar\u0131na ve sondaj solventlerine kar\u015f\u0131 dayan\u0131kl\u0131d\u0131r, M\u00fckemmel<br>fiziksel ve kimyasal performans, M\u00fckemmel korozyon ve kimyasal diren\u00e7,<br>M\u00fckemmel darbe, mar ve a\u015f\u0131nma direnci, M\u00fckemmel sertlik ve yap\u0131\u015fma<br>Pistole, HVLP tabanca ile uygulanabilir. Grafen Kaplaman\u0131n dekoratif<br>karakteri ve kapsaml\u0131 \u00d6zel renk yelpazesi, ak\u0131ll\u0131 y\u00fczeyleri y\u00fckseltmek i\u00e7in<br>kullan\u0131lan \u00fcst\u00fcn tasar\u0131m nesnelerine de uygulanabilir.<\/p>\n\n\n\n<p class=\"has-x-large-font-size wp-block-paragraph\"><strong>Elektrikle Is\u0131t\u0131lan Kaplama<\/strong><\/p>\n\n\n\n<figure class=\"wp-block-image size-large\"><img loading=\"lazy\" decoding=\"async\" width=\"1024\" height=\"816\" src=\"https:\/\/protekote.com\/wp-content\/uploads\/2024\/10\/Screenshot-2024-10-13-at-16.28.24-1024x816.png\" alt=\"\" class=\"wp-image-421\" srcset=\"https:\/\/protekote.com\/wp-content\/uploads\/2024\/10\/Screenshot-2024-10-13-at-16.28.24-1024x816.png 1024w, https:\/\/protekote.com\/wp-content\/uploads\/2024\/10\/Screenshot-2024-10-13-at-16.28.24-300x239.png 300w, https:\/\/protekote.com\/wp-content\/uploads\/2024\/10\/Screenshot-2024-10-13-at-16.28.24-768x612.png 768w, https:\/\/protekote.com\/wp-content\/uploads\/2024\/10\/Screenshot-2024-10-13-at-16.28.24-600x478.png 600w, https:\/\/protekote.com\/wp-content\/uploads\/2024\/10\/Screenshot-2024-10-13-at-16.28.24.png 1052w\" sizes=\"auto, (max-width: 1024px) 100vw, 1024px\" \/><\/figure>\n\n\n\n<p class=\"wp-block-paragraph\">Elektrikle Is\u0131t\u0131lan Kaplama &#8211; Voltaj uyguland\u0131\u011f\u0131nda \u0131s\u0131nan kaplama.<br>Karbon malzemeler esasl\u0131 EH.4013 Elektrikle Is\u0131tmal\u0131 Kaplama, voltaj<br>uyguland\u0131\u011f\u0131nda \u0131s\u0131n\u0131r. 12-24V DC \u00f6nerilir, ancak daha y\u00fcksek voltajlarda<br>da \u00e7al\u0131\u015f\u0131r. Kaplama, herhangi bir \u015fekildeki y\u00fczeylere f\u0131r\u00e7a, rulo veya<br>p\u00fcsk\u00fcrt\u00fcc\u00fc ile uygulanabilir. Y\u00fczey kurudu\u011funda boyanabilir. Kaplama<br>ayn\u0131 zamanda tekstiller \u00fczerinde de \u00e7al\u0131\u015f\u0131r.<br>Kullan\u0131m amac\u0131: Sat\u0131c\u0131, araba aynalar\u0131ndaki geleneksel ince film \u0131s\u0131tma<br>elemanlar\u0131 yerine kullan\u0131labilece\u011fini \u00f6nermektedir. Di\u011fer fikirler aras\u0131nda<br>u\u00e7ak kanatlar\u0131n\u0131n donmaya kar\u015f\u0131 korunmas\u0131, yerden ve duvardan \u0131s\u0131tma<br>ve yiyeceklerin \u0131s\u0131t\u0131lmas\u0131 say\u0131labilir. Ayr\u0131nt\u0131lar: 100\u00b0C ile 300\u00b0C aras\u0131nda<br>de\u011fi\u015fen s\u0131cakl\u0131klar i\u00e7in de\u011fi\u015fkenler mevcuttur. Bu kaplaman\u0131n geleneksel<br>diren\u00e7li \u0131s\u0131tma elemanlar\u0131na k\u0131yasla bir avantaj\u0131, \u0131s\u0131y\u0131 daha e\u015fit bir \u015fekilde<br>da\u011f\u0131tmas\u0131d\u0131r. Kaplamaya elektrik ba\u011flant\u0131lar\u0131 geleneksel bak\u0131r bant ile<br>yap\u0131labilir. Bir litre 4 m\u00b2 alan kaplar. <\/p>\n\n\n\n<p class=\"has-x-large-font-size wp-block-paragraph\">Termal iletken boya<\/p>\n\n\n\n<figure class=\"wp-block-image size-large\"><img loading=\"lazy\" decoding=\"async\" width=\"1024\" height=\"449\" src=\"https:\/\/protekote.com\/wp-content\/uploads\/2024\/10\/Screenshot-2024-10-13-at-16.28.47-1024x449.png\" alt=\"\" class=\"wp-image-422\" srcset=\"https:\/\/protekote.com\/wp-content\/uploads\/2024\/10\/Screenshot-2024-10-13-at-16.28.47-1024x449.png 1024w, https:\/\/protekote.com\/wp-content\/uploads\/2024\/10\/Screenshot-2024-10-13-at-16.28.47-300x132.png 300w, https:\/\/protekote.com\/wp-content\/uploads\/2024\/10\/Screenshot-2024-10-13-at-16.28.47-768x337.png 768w, https:\/\/protekote.com\/wp-content\/uploads\/2024\/10\/Screenshot-2024-10-13-at-16.28.47-1536x674.png 1536w, https:\/\/protekote.com\/wp-content\/uploads\/2024\/10\/Screenshot-2024-10-13-at-16.28.47-2048x898.png 2048w, https:\/\/protekote.com\/wp-content\/uploads\/2024\/10\/Screenshot-2024-10-13-at-16.28.47-600x263.png 600w\" sizes=\"auto, (max-width: 1024px) 100vw, 1024px\" \/><\/figure>\n\n\n\n<p class=\"wp-block-paragraph\">CT.7051, CT.7062, CT.7071, CT.7095 ve CT.7161 termal iletken boyalar,<br>y\u00fcksek s\u0131cakl\u0131k ve y\u00fcksek termal iletkenli\u011fe sahip \u00fcr\u00fcnlerdir.<br>Termokupllar\u0131n, ince film RTD&#8217;lerin, termist\u00f6rlerin ve di\u011fer s\u0131cakl\u0131k<br>sens\u00f6rlerinin kal\u0131c\u0131 ve ge\u00e7ici olarak yap\u0131\u015ft\u0131r\u0131lmas\u0131 i\u00e7in \u00f6zel olarak form\u00fcle<br>edilmi\u015flerdir.<\/p>\n\n\n\n<figure class=\"wp-block-gallery has-nested-images columns-default is-cropped wp-block-gallery-2 is-layout-flex wp-block-gallery-is-layout-flex\">\n<figure class=\"wp-block-image size-large is-style-rectangular\"><img loading=\"lazy\" decoding=\"async\" width=\"470\" height=\"598\" data-id=\"424\" src=\"https:\/\/protekote.com\/wp-content\/uploads\/2024\/10\/Screenshot-2024-10-13-at-16.29.16.png\" alt=\"\" class=\"wp-image-424\" srcset=\"https:\/\/protekote.com\/wp-content\/uploads\/2024\/10\/Screenshot-2024-10-13-at-16.29.16.png 470w, https:\/\/protekote.com\/wp-content\/uploads\/2024\/10\/Screenshot-2024-10-13-at-16.29.16-236x300.png 236w\" sizes=\"auto, (max-width: 470px) 100vw, 470px\" \/><\/figure>\n\n\n\n<figure class=\"wp-block-image size-large\"><img loading=\"lazy\" decoding=\"async\" width=\"486\" height=\"574\" data-id=\"423\" src=\"https:\/\/protekote.com\/wp-content\/uploads\/2024\/10\/Screenshot-2024-10-13-at-16.29.11.png\" alt=\"\" class=\"wp-image-423\" srcset=\"https:\/\/protekote.com\/wp-content\/uploads\/2024\/10\/Screenshot-2024-10-13-at-16.29.11.png 486w, https:\/\/protekote.com\/wp-content\/uploads\/2024\/10\/Screenshot-2024-10-13-at-16.29.11-254x300.png 254w\" sizes=\"auto, (max-width: 486px) 100vw, 486px\" \/><\/figure>\n<\/figure>\n\n\n\n<p class=\"has-x-large-font-size wp-block-paragraph\">Anti-Finger Paint (AFP)<\/p>\n\n\n\n<figure class=\"wp-block-image size-large\"><img loading=\"lazy\" decoding=\"async\" width=\"1024\" height=\"405\" src=\"https:\/\/protekote.com\/wp-content\/uploads\/2024\/10\/Screenshot-2024-10-13-at-16.29.37-1024x405.png\" alt=\"\" class=\"wp-image-425\" srcset=\"https:\/\/protekote.com\/wp-content\/uploads\/2024\/10\/Screenshot-2024-10-13-at-16.29.37-1024x405.png 1024w, https:\/\/protekote.com\/wp-content\/uploads\/2024\/10\/Screenshot-2024-10-13-at-16.29.37-300x119.png 300w, https:\/\/protekote.com\/wp-content\/uploads\/2024\/10\/Screenshot-2024-10-13-at-16.29.37-768x304.png 768w, https:\/\/protekote.com\/wp-content\/uploads\/2024\/10\/Screenshot-2024-10-13-at-16.29.37-1536x608.png 1536w, https:\/\/protekote.com\/wp-content\/uploads\/2024\/10\/Screenshot-2024-10-13-at-16.29.37-2048x810.png 2048w, https:\/\/protekote.com\/wp-content\/uploads\/2024\/10\/Screenshot-2024-10-13-at-16.29.37-600x237.png 600w\" sizes=\"auto, (max-width: 1024px) 100vw, 1024px\" \/><\/figure>\n\n\n\n<p class=\"wp-block-paragraph\">Parmak \u0130zi \u00d6nleyici (AFP) \u2013 Anti Bakteriyel Kaplamalar Cilal\u0131 y\u00fczeyli<br>bir\u00e7ok malzeme (metalize plastikler, ah\u015fap, inox (paslanmaz \u00e7elik), vb.)<br>parmak izi ya\u011flar\u0131yla lekelenmeye e\u011filimlidir. Bu t\u00fcr lekelerle<br>i\u015faretlendikten sonra g\u00f6rsel \u00e7ekiciliklerinin \u00e7o\u011funu kaybederler. Parmak<br>izleri, malzeme y\u00fczeyine aktar\u0131lan ve parmaklardaki s\u00fcrt\u00fcnme s\u0131rtlar\u0131<br>taraf\u0131ndan kal\u0131planan terden kaynaklan\u0131r. Piyasada bulunan parmak izi<br>\u00f6nleyici kaplamalar\u0131n \u00e7o\u011fu, ya\u011fl\u0131 bile\u015fikleri itmeye yard\u0131mc\u0131 olan<br>oleofobik karakterleri nedeniyle florlu bile\u015fiklere dayanmaktad\u0131r. Bununla<br>birlikte, pratik AFP kullan\u0131mlar\u0131na ra\u011fmen, florlu bile\u015fiklerin \u00e7o\u011fu<br>\u00e7evresel ve sa\u011fl\u0131k a\u00e7\u0131s\u0131ndan tehlike arz eder. Boron, kar\u015f\u0131la\u015ft\u0131r\u0131labilir<br>AFP \u00f6zelliklerine sahip ancak flor ve bile\u015fiklerini tamamen i\u00e7ermeyen<br>yeni bir kaplama \u00e7\u00f6z\u00fcm\u00fc sunar. \u0130stenirse, kaplanm\u0131\u015f y\u00fczeyler, fiziksel<br>olarak ilk etapta parmak temas\u0131ndan ka\u00e7\u0131nmak i\u00e7in artan p\u00fcr\u00fczl\u00fcl\u00fckle<br>uyarlanabilir. Bu \u015fekilde \u00fcretilen AFP filmleri, \u00e7izilme direncini test etmek<br>i\u00e7in Erichsen 318 test kalemi kullan\u0131ld\u0131\u011f\u0131nda 3N&#8217;ye kadar derecelendirilir.<br>Kaplaman\u0131n yap\u0131\u015fma g\u00fcc\u00fc, ASTM D 3359 standard\u0131ndaki 5B derecesini<br>kar\u015f\u0131lar. Son olarak kaplamalar, 2-12 pH aral\u0131\u011f\u0131ndaki asitlerin\/bazlar\u0131n<br>kimyasal sald\u0131r\u0131s\u0131na dayanabilir. Antibakteriyel \u00f6zellikleri gram negatif<br>Escherichia coli (E. coli) ve gram pozitif Staphylococcus aureus (S.<br>aureus) bakterileri \u00fczerinde test edilmi\u015f, her vaka i\u00e7in pop\u00fclasyonda<\/p>\n\n\n\n<p class=\"wp-block-paragraph\">%99,9 azalma g\u00f6zlenmi\u015ftir. Her bakteri t\u00fcr\u00fc i\u00e7in kaplanm\u0131\u015f ve<br>kaplanmam\u0131\u015f \u00f6rneklerle yap\u0131lan testler net bir \u015fekilde kaplanm\u0131\u015f<br>numunelerin g\u00f6zle g\u00f6r\u00fcl\u00fcr \u015fekilde g\u00fc\u00e7l\u00fc antibakteriyel etki sergiledi\u011fini<br>g\u00f6sterir.<\/p>\n\n\n\n<p class=\"has-x-large-font-size wp-block-paragraph\">D\u0131\u015f cephelerde rengi<br>solmayan, Alt\u0131n Kaplama<\/p>\n\n\n\n<figure class=\"wp-block-image size-large\"><img loading=\"lazy\" decoding=\"async\" width=\"1024\" height=\"353\" src=\"https:\/\/protekote.com\/wp-content\/uploads\/2024\/10\/Screenshot-2024-10-13-at-16.29.48-1024x353.png\" alt=\"\" class=\"wp-image-426\" srcset=\"https:\/\/protekote.com\/wp-content\/uploads\/2024\/10\/Screenshot-2024-10-13-at-16.29.48-1024x353.png 1024w, https:\/\/protekote.com\/wp-content\/uploads\/2024\/10\/Screenshot-2024-10-13-at-16.29.48-300x103.png 300w, https:\/\/protekote.com\/wp-content\/uploads\/2024\/10\/Screenshot-2024-10-13-at-16.29.48-768x264.png 768w, https:\/\/protekote.com\/wp-content\/uploads\/2024\/10\/Screenshot-2024-10-13-at-16.29.48-1536x529.png 1536w, https:\/\/protekote.com\/wp-content\/uploads\/2024\/10\/Screenshot-2024-10-13-at-16.29.48-2048x705.png 2048w, https:\/\/protekote.com\/wp-content\/uploads\/2024\/10\/Screenshot-2024-10-13-at-16.29.48-600x207.png 600w\" sizes=\"auto, (max-width: 1024px) 100vw, 1024px\" \/><\/figure>\n\n\n\n<p class=\"wp-block-paragraph\">Uv Dayan\u0131ml\u0131, D\u0131\u015f cephelerde rengi<br>solmayan, i\u00e7 mekanlarda dokunulunca<br>ovalan\u0131nca kararmayan, Alt\u0131n Kaplama PX<br>954 D\u0131\u015f cephede 20 y\u0131l dayan\u0131ma kars\u0131l\u0131k<br>gelen, 20.000 saat QUV dayan\u0131m\u0131 elde<br>etmek i\u00e7in PX 954 \u00fczerine son kat LK 900<br>Satin Clear uygulay\u0131n. PX 954 renkli alt\u0131n<br>kaplamalar\u0131n zenginli\u011fi. Her t\u00fcrl\u00fc metal,<br>plastik ve ah\u015fap \u00fczerine uygulanabilir.<br>Korozyona u\u011frayabilecek y\u00fczeylerde MB<br>Paslanmaz \u00c7elik taban kaplamas\u0131<br>gerektirir.<\/p>\n\n\n\n<p class=\"wp-block-paragraph\"><\/p>\n\n\n\n<p class=\"has-x-large-font-size wp-block-paragraph\">Pas D\u00f6n\u00fc\u015ft\u00fcr\u00fcc\u00fc Kaplama<\/p>\n\n\n\n<figure class=\"wp-block-image size-large\"><img loading=\"lazy\" decoding=\"async\" width=\"1024\" height=\"861\" src=\"https:\/\/protekote.com\/wp-content\/uploads\/2024\/10\/Screenshot-2024-10-13-at-16.30.44-1024x861.png\" alt=\"\" class=\"wp-image-428\" srcset=\"https:\/\/protekote.com\/wp-content\/uploads\/2024\/10\/Screenshot-2024-10-13-at-16.30.44-1024x861.png 1024w, https:\/\/protekote.com\/wp-content\/uploads\/2024\/10\/Screenshot-2024-10-13-at-16.30.44-300x252.png 300w, https:\/\/protekote.com\/wp-content\/uploads\/2024\/10\/Screenshot-2024-10-13-at-16.30.44-768x646.png 768w, https:\/\/protekote.com\/wp-content\/uploads\/2024\/10\/Screenshot-2024-10-13-at-16.30.44-1536x1291.png 1536w, https:\/\/protekote.com\/wp-content\/uploads\/2024\/10\/Screenshot-2024-10-13-at-16.30.44-600x504.png 600w, https:\/\/protekote.com\/wp-content\/uploads\/2024\/10\/Screenshot-2024-10-13-at-16.30.44.png 1806w\" sizes=\"auto, (max-width: 1024px) 100vw, 1024px\" \/><\/figure>\n\n\n\n<p class=\"wp-block-paragraph\">FR.1032 Pas D\u00f6n\u00fc\u015ft\u00fcr\u00fcc\u00fc Kaplama Direkt Pasl\u0131 Y\u00fczey<br>\u00fczerine uygulan\u0131nca 300 saat Korozyon Direnci saglar. K\u0131rm\u0131z\u0131<br>olan bu boya pas\u0131 d\u00f6n\u00fc\u015ft\u00fcrerek olu\u015fturdu\u011fu siyah organik<br>demir kompleksler ile paslanmay\u0131 engeller.<br>Direkt Pasl\u0131 Ya\u011fl\u0131 Metal Y\u00fczeyi MP.6101 ile temizlenir. 15 dk<br>sonra nemli bezle silinir. Sonras\u0131nda MP.6102 \u00e7inko kaplama<br>sol\u00fcsyonu uygulan\u0131r. 15 dk sonra nemli bezle silinir.<br>Sonras\u0131nda FR.1045 Pas D\u00f6n\u00fc\u015ft\u00fcr\u00fcc\u00fc Kaplama Temiz Y\u00fczey<br>\u00fczerine uygulan\u0131nca 2000 saat Korozyon Direnci saglar. Siyah<br>olan bu boya pas\u0131 d\u00f6n\u00fc\u015ft\u00fcrerek olu\u015fturdu\u011fu siyah organik<br>demir kompleksler ile paslanmay\u0131 engeller.<\/p>\n\n\n\n<p class=\"wp-block-paragraph\"><\/p>\n\n\n\n<p class=\"wp-block-paragraph\">Projelerinizde kullanmay\u0131 d\u00fc\u015f\u00fcnd\u00fc\u011f\u00fcn\u00fcz ger\u00e7ek boyanm\u0131\u015f&nbsp;<strong>Protekote Grafen Kaplama<\/strong>&nbsp;\u00f6rneklerini, yukar\u0131daki kodlar\u0131 se\u00e7erek&nbsp;<a href=\"https:\/\/protekote.com\/index.php\/urun\/protpote-ile-proje-yuzeylerinizi-farklilastirin-ozel-protekote-grafen-kaplama-tasarim-panelleri\/\"><strong>sadece 70 $<\/strong>&nbsp;kar\u015f\u0131l\u0131\u011f\u0131nda <\/a>online olarak kolayca sipari\u015f edebilirsiniz. Sipari\u015f sayfas\u0131nda ihtiya\u00e7 duydu\u011funuz farkl\u0131 renk say\u0131s\u0131na g\u00f6re o kadar boyanm\u0131\u015f \u00f6rnek adedini se\u00e7ebilir ve a\u00e7\u0131klama k\u0131sm\u0131na bu sayfada g\u00f6rd\u00fc\u011f\u00fcn\u00fcz ve not etti\u011finiz kodlar\u0131 ekleyerek talebinizi iletebilirsiniz.<\/p>\n\n\n\n<p class=\"wp-block-paragraph\">E\u011fer daha \u00f6nce \u00e7al\u0131\u015f\u0131lmam\u0131\u015f \u00f6zel bir renk ar\u0131yorsan\u0131z, render \u00e7\u0131kt\u0131s\u0131 veya referans numunenizle birlikte&nbsp;<strong>700 $<\/strong>&nbsp;kar\u015f\u0131l\u0131\u011f\u0131nda size \u00f6zel bir renk \u00e7al\u0131\u015fmas\u0131 yapt\u0131rabilirsiniz. Projelerinize \u00f6zg\u00fcn bir dokunu\u015f katman\u0131n en etkili yolunu ke\u015ffetmek i\u00e7in \u015fimdi harekete ge\u00e7in!<\/p>\n","protected":false},"excerpt":{"rendered":"<p>Benzersiz ve Yenilik\u00e7i Y\u00fczey \u00c7\u00f6z\u00fcmleri Y\u00fczeylere benzersiz, mat ve kadifemsi bir doku kazand\u0131ran \u00f6zel Protekote Grafen kaplama sistemlerini ke\u015ffedin. Bu y\u00fcksek kaliteli kaplamalar, \u00fcr\u00fcnlerin yan\u0131 s\u0131ra ticari ve \u00f6zel alanlar\u0131n \u00e7ekici tasar\u0131m\u0131 i\u00e7in m\u00fckemmeldir. Sofistike Tasar\u0131mlar \u0130\u00e7in Y\u00fczeyler S\u0131cak, tekstil benzeri bir his veren mat y\u00fczeyler olu\u015fturarak hem g\u00f6rsel a\u00e7\u0131dan ho\u015f hem de i\u015flevsel y\u00fczeyler [&hellip;]<\/p>\n","protected":false},"author":2,"featured_media":0,"parent":0,"menu_order":0,"comment_status":"closed","ping_status":"closed","template":"","meta":{"footnotes":""},"class_list":["post-412","page","type-page","status-publish","hentry"],"jetpack_sharing_enabled":true,"_links":{"self":[{"href":"https:\/\/protekote.com\/index.php\/wp-json\/wp\/v2\/pages\/412","targetHints":{"allow":["GET"]}}],"collection":[{"href":"https:\/\/protekote.com\/index.php\/wp-json\/wp\/v2\/pages"}],"about":[{"href":"https:\/\/protekote.com\/index.php\/wp-json\/wp\/v2\/types\/page"}],"author":[{"embeddable":true,"href":"https:\/\/protekote.com\/index.php\/wp-json\/wp\/v2\/users\/2"}],"replies":[{"embeddable":true,"href":"https:\/\/protekote.com\/index.php\/wp-json\/wp\/v2\/comments?post=412"}],"version-history":[{"count":7,"href":"https:\/\/protekote.com\/index.php\/wp-json\/wp\/v2\/pages\/412\/revisions"}],"predecessor-version":[{"id":754,"href":"https:\/\/protekote.com\/index.php\/wp-json\/wp\/v2\/pages\/412\/revisions\/754"}],"wp:attachment":[{"href":"https:\/\/protekote.com\/index.php\/wp-json\/wp\/v2\/media?parent=412"}],"curies":[{"name":"wp","href":"https:\/\/api.w.org\/{rel}","templated":true}]}}