{"id":454,"date":"2024-10-25T19:34:34","date_gmt":"2024-10-25T19:34:34","guid":{"rendered":"https:\/\/www.protekote.com\/?post_type=product&#038;p=454"},"modified":"2024-10-25T19:57:44","modified_gmt":"2024-10-25T19:57:44","slug":"protpote-ile-proje-yuzeylerinizi-farklilastirin-ozel-protekote-grafen-kaplama-tasarim-panelleri","status":"publish","type":"product","link":"https:\/\/protekote.com\/index.php\/urun\/protpote-ile-proje-yuzeylerinizi-farklilastirin-ozel-protekote-grafen-kaplama-tasarim-panelleri\/","title":{"rendered":"PROTPOTE ile Proje Y\u00fczeylerinizi Farkl\u0131la\u015ft\u0131r\u0131n: \u00d6zel Protekote Grafen Kaplama Tasar\u0131m Panelleri"},"content":{"rendered":"<p><strong>&#8220;Proje Y\u00fczeylerinizi Farkl\u0131la\u015ft\u0131r\u0131n: \u00d6zel Protekote Grafen Kaplama Tasar\u0131m Panelleri&#8221;<\/strong><\/p>\n<p>Mimarlar, \u00fcr\u00fcn tasar\u0131mc\u0131lar\u0131, makine m\u00fchendisleri, moda yarat\u0131c\u0131lar\u0131&#8230; Bir projeyi farkl\u0131 k\u0131lmak, etkileyici detaylarla kullan\u0131c\u0131ya ilham vermek sizin i\u00e7in \u00f6nemliyse, Protekote grafen kaplamal\u0131 tasar\u0131m panellerimiz tam size g\u00f6re! Projelere benzersiz renkler ve e\u015fsiz y\u00fczey efektleri kazand\u0131rmak isteyen profesyoneller i\u00e7in geli\u015ftirilen bu paneller, s\u0131radan\u0131 a\u015farak projelerinizi bir ad\u0131m \u00f6ne ta\u015f\u0131yacak. Sadece estetik de\u011fil, ayn\u0131 zamanda teknik gereksinimlere de yan\u0131t veren bu paneller, m\u00fc\u015fterilerinize sunabilece\u011finiz en \u00f6zel y\u00fczey deneyimini sa\u011flar.<\/p>\n<h3>Protekote Tasar\u0131m Panelleriyle Projenize De\u011fer Kat\u0131n<\/h3>\n<p><strong>1. Grafen G\u00fc\u00e7lendirmesiyle Ola\u011fan\u00fcst\u00fc Dayan\u0131kl\u0131l\u0131k<\/strong><br \/>\nGrafenin benzersiz sertli\u011fi ve dayan\u0131kl\u0131l\u0131\u011f\u0131yla zenginle\u015ftirilmi\u015f Protekote kaplama, projenizin kalitesini art\u0131r\u0131r. \u00c7izilmelere, darbelere ve yo\u011fun kullan\u0131ma dayan\u0131kl\u0131 bu y\u00fczeyler, yaln\u0131zca g\u00f6r\u00fcn\u00fcm olarak de\u011fil, uzun \u00f6m\u00fcrl\u00fc yap\u0131s\u0131yla da fark yarat\u0131r. M\u00fc\u015fterileriniz i\u00e7in projenize sa\u011flaml\u0131k ve g\u00fcven kazand\u0131r\u0131n.<\/p>\n<p><strong>2. E\u015fsiz Renk ve Y\u00fczey Efektleri<\/strong><br \/>\nTasar\u0131m panellerimiz, kolayca bulunamayacak renk tonlar\u0131yla donat\u0131ld\u0131. \u00d6zel y\u00fczey dokusu, \u0131\u015f\u0131\u011f\u0131 farkl\u0131 a\u00e7\u0131lardan yans\u0131tarak projelerinize sanatsal ve modern bir dokunu\u015f katar. Her panel, projelerinize katma de\u011fer sa\u011flayacak, m\u00fc\u015fterilerinizde hayranl\u0131k uyand\u0131racak estetik bir zenginlik sunar.<\/p>\n<p><strong>3. \u0130lham Verici Duyusal Deneyim<\/strong><br \/>\nTasar\u0131mda g\u00f6rsel kadar \u00f6nemli olan bir di\u011fer etken de dokusal deneyimdir. Protekote tasar\u0131m panelleri, y\u00fczeyin p\u00fcr\u00fczs\u00fcz, dayan\u0131kl\u0131 ve sofistike dokusuyla projelerinize kat\u0131lmak i\u00e7in haz\u0131r. M\u00fc\u015fterileriniz, bu panellere dokundu\u011funda projelerinizin fark\u0131n\u0131 hissedecek. Bu dokunsal deneyim, hayal g\u00fcc\u00fcn\u00fcze yeni ufuklar a\u00e7ar.<\/p>\n<p><strong>4. Zamandan ve Maliyetten Tasarruf<\/strong><br \/>\nProjenize se\u00e7ti\u011finiz y\u00fczey ve malzeme konusunda h\u0131zl\u0131 ve etkili karar alman\u0131za olanak tan\u0131yan Protekote tasar\u0131m panelleri, malzeme se\u00e7im s\u00fcrecinde size zaman kazand\u0131r\u0131r. Ayr\u0131ca, y\u00fcksek maliyetli ve zaman al\u0131c\u0131 deneme-yan\u0131lma s\u00fcrecine ihtiya\u00e7 kalmadan do\u011fru se\u00e7imleri yapman\u0131z\u0131 sa\u011flar.<\/p>\n<p><strong>5. \u00c7evre Dostu Teknoloji<\/strong><br \/>\nProtekte grafen kaplama teknolojisi, dayan\u0131kl\u0131 yap\u0131s\u0131yla hem \u00e7evre dostu hem de s\u00fcrd\u00fcr\u00fclebilir bir \u00e7\u00f6z\u00fcm sunar. Y\u00fczeyin temizlenmesini ve korunmas\u0131n\u0131 kolayla\u015ft\u0131ran bu teknoloji, kimyasal madde ihtiyac\u0131n\u0131 azalt\u0131r ve s\u00fcrd\u00fcr\u00fclebilir projeler i\u00e7in ideal bir se\u00e7enek olarak \u00f6ne \u00e7\u0131kar.<\/p>\n<h3>Tasar\u0131m Panellerimiz Kimler \u0130\u00e7in \u0130deal?<\/h3>\n<ul>\n<li><strong>Mimarlar ve \u0130\u00e7 Mimarlar<\/strong>: Projelerine benzersiz dokular ve renkler ekleyerek fark yaratmak isteyen, m\u00fc\u015fterilerini etkileyecek \u00f6zel y\u00fczey \u00e7\u00f6z\u00fcmleri arayan mimarlar i\u00e7in.<\/li>\n<li><strong>End\u00fcstriyel Tasar\u0131mc\u0131lar<\/strong>: \u00dcr\u00fcn tasar\u0131m\u0131nda dayan\u0131kl\u0131l\u0131\u011f\u0131 estetikle bulu\u015fturmak isteyen tasar\u0131mc\u0131lar, bu tasar\u0131m panelleriyle hem teknik hem sanatsal bir perspektif sunabilirler.<\/li>\n<li><strong>Makine ve Ekipman Tasar\u0131mc\u0131lar\u0131<\/strong>: Makine ve ekipmanlarda hem i\u015flevsel hem de estetik bir y\u00fczey arayan m\u00fchendisler i\u00e7in grafen kaplama, sa\u011flaml\u0131k ve koruma sunar.<\/li>\n<li><strong>Moda ve Aksesuar Tasar\u0131mc\u0131lar\u0131<\/strong>: Tasar\u0131mlar\u0131na sofistike y\u00fczey detaylar\u0131 katmak isteyen moda ve aksesuar tasar\u0131mc\u0131lar\u0131 i\u00e7in de \u00f6zel bir dokunsal deneyim sa\u011flar.<\/li>\n<\/ul>\n<h3>Tasar\u0131m Panelleri Nas\u0131l Elde Edilir?<\/h3>\n<p>Her biri \u00f6zenle haz\u0131rlanm\u0131\u015f Protekote grafen kaplama tasar\u0131m panellerine sadece $70 kar\u015f\u0131l\u0131\u011f\u0131nda sahip olabilirsiniz. Bu paneller, projelerinizde \u015fahit numune olarak kullan\u0131lmak \u00fczere size \u00f6zel olarak haz\u0131rlanm\u0131\u015ft\u0131r. Y\u00fczeylerin g\u00f6rsel ve dokusal etkilerini m\u00fc\u015fterilerinize sunarak projelerinizi \u00f6zg\u00fcn k\u0131labilir, hayal g\u00fcc\u00fcn\u00fcz\u00fc geli\u015ftiren bu panellerle projelerinize de\u011fer katabilirsiniz.<\/p>\n<p>Projelerinizde s\u0131ra d\u0131\u015f\u0131 y\u00fczey efektleri ve renkler ile fark yaratmak, m\u00fc\u015fterilerinize dokunsal ve estetik bir deneyim sunmak i\u00e7in Protekote tasar\u0131m panellerimizi hemen ke\u015ffedin! Sipari\u015f verirken sitemizde g\u00f6rd\u00fc\u011f\u00fcn\u00fcz kodlar\u0131 a\u00e7\u0131klama k\u0131sm\u0131nda belirtmeyi unutmay\u0131n; b\u00f6ylece istedi\u011finiz tasar\u0131m panelini tam olarak haz\u0131rlayabiliriz.<\/p>\n","protected":false},"excerpt":{"rendered":"<ul>\n<li>\n<h3>Protekote Tasar\u0131m Panelleriyle Projenize De\u011fer Kat\u0131n<\/h3>\n<p><strong>1. Grafen G\u00fc\u00e7lendirmesiyle Ola\u011fan\u00fcst\u00fc Dayan\u0131kl\u0131l\u0131k<\/strong><br \/>\nGrafenin benzersiz sertli\u011fi ve dayan\u0131kl\u0131l\u0131\u011f\u0131yla zenginle\u015ftirilmi\u015f Protekote kaplama, projenizin kalitesini art\u0131r\u0131r. \u00c7izilmelere, darbelere ve yo\u011fun kullan\u0131ma dayan\u0131kl\u0131 bu y\u00fczeyler, yaln\u0131zca g\u00f6r\u00fcn\u00fcm olarak de\u011fil, uzun \u00f6m\u00fcrl\u00fc yap\u0131s\u0131yla da fark yarat\u0131r. M\u00fc\u015fterileriniz i\u00e7in projenize sa\u011flaml\u0131k ve g\u00fcven kazand\u0131r\u0131n.<\/p>\n<p><strong>2. E\u015fsiz Renk ve Y\u00fczey Efektleri<\/strong><br \/>\nTasar\u0131m panellerimiz, kolayca bulunamayacak renk tonlar\u0131yla donat\u0131ld\u0131. \u00d6zel y\u00fczey dokusu, \u0131\u015f\u0131\u011f\u0131 farkl\u0131 a\u00e7\u0131lardan yans\u0131tarak projelerinize sanatsal ve modern bir dokunu\u015f katar. Her panel, projelerinize katma de\u011fer sa\u011flayacak, m\u00fc\u015fterilerinizde hayranl\u0131k uyand\u0131racak estetik bir zenginlik sunar.<\/p>\n<p><strong>3. \u0130lham Verici Duyusal Deneyim<\/strong><br \/>\nTasar\u0131mda g\u00f6rsel kadar \u00f6nemli olan bir di\u011fer etken de dokusal deneyimdir. Protekote tasar\u0131m panelleri, y\u00fczeyin p\u00fcr\u00fczs\u00fcz, dayan\u0131kl\u0131 ve sofistike dokusuyla projelerinize kat\u0131lmak i\u00e7in haz\u0131r. M\u00fc\u015fterileriniz, bu panellere dokundu\u011funda projelerinizin fark\u0131n\u0131 hissedecek. Bu dokunsal deneyim, hayal g\u00fcc\u00fcn\u00fcze yeni ufuklar a\u00e7ar.<\/li>\n<\/ul>\n","protected":false},"featured_media":455,"comment_status":"open","ping_status":"closed","template":"","meta":[],"product_brand":[],"product_cat":[16],"product_tag":[],"class_list":["post-454","product","type-product","status-publish","has-post-thumbnail","product_cat-genel","first","instock","taxable","shipping-taxable","purchasable","product-type-simple"],"jetpack_sharing_enabled":true,"_links":{"self":[{"href":"https:\/\/protekote.com\/index.php\/wp-json\/wp\/v2\/product\/454","targetHints":{"allow":["GET"]}}],"collection":[{"href":"https:\/\/protekote.com\/index.php\/wp-json\/wp\/v2\/product"}],"about":[{"href":"https:\/\/protekote.com\/index.php\/wp-json\/wp\/v2\/types\/product"}],"replies":[{"embeddable":true,"href":"https:\/\/protekote.com\/index.php\/wp-json\/wp\/v2\/comments?post=454"}],"wp:featuredmedia":[{"embeddable":true,"href":"https:\/\/protekote.com\/index.php\/wp-json\/wp\/v2\/media\/455"}],"wp:attachment":[{"href":"https:\/\/protekote.com\/index.php\/wp-json\/wp\/v2\/media?parent=454"}],"wp:term":[{"taxonomy":"product_brand","embeddable":true,"href":"https:\/\/protekote.com\/index.php\/wp-json\/wp\/v2\/product_brand?post=454"},{"taxonomy":"product_cat","embeddable":true,"href":"https:\/\/protekote.com\/index.php\/wp-json\/wp\/v2\/product_cat?post=454"},{"taxonomy":"product_tag","embeddable":true,"href":"https:\/\/protekote.com\/index.php\/wp-json\/wp\/v2\/product_tag?post=454"}],"curies":[{"name":"wp","href":"https:\/\/api.w.org\/{rel}","templated":true}]}}